{"id":26414,"date":"2021-08-10T15:59:23","date_gmt":"2021-08-10T18:59:23","guid":{"rendered":"http:\/\/monte.gob.ar\/institutosuperior\/?page_id=26414"},"modified":"2021-11-02T19:26:52","modified_gmt":"2021-11-02T22:26:52","slug":"plazoleta-gral-martin-rodriguez-duplicate-1","status":"publish","type":"page","link":"https:\/\/monte.gob.ar\/institutosuperior\/plazoleta-gral-martin-rodriguez-duplicate-1\/","title":{"rendered":"Small Quare Gral. San Mart\u00ecn"},"content":{"rendered":"\t\t<div data-elementor-type=\"wp-page\" data-elementor-id=\"26414\" class=\"elementor elementor-26414\" data-elementor-settings=\"[]\">\n\t\t\t<div class=\"elementor-inner\">\n\t\t\t\t<div class=\"elementor-section-wrap\">\n\t\t\t\t\t\t\t<section class=\"elementor-element elementor-element-ca53ad6 elementor-section-boxed elementor-section-gap-beside-yes elementor-section-height-default elementor-section-height-default elementor-section-column-vertical-align-stretch elementor-section elementor-top-section\" data-id=\"ca53ad6\" data-element_type=\"section\">\n\t\t\t\t\t\t<div class=\"elementor-container elementor-column-gap-extended\">\n\t\t\t\t<div class=\"elementor-row\">\n\t\t\t\t<div class=\"elementor-element elementor-element-6fcb000 elementor-column elementor-col-50 elementor-top-column\" data-id=\"6fcb000\" data-element_type=\"column\">\n\t\t\t<div class=\"elementor-column-wrap  elementor-element-populated\">\n\t\t\t\t\t<div class=\"elementor-widget-wrap\">\n\t\t\t\t<div class=\"elementor-element elementor-element-963c896 elementor-widget elementor-widget-image\" data-id=\"963c896\" data-element_type=\"widget\" data-widget_type=\"image.default\">\n\t\t\t\t<div class=\"elementor-widget-container\">\n\t\t\t\t\t<div class=\"elementor-image\">\n\t\t\t\t\t\t\t<figure class=\"wp-caption\">\n\t\t\t\t\t\t\t\t\t\t<img width=\"640\" height=\"426\" src=\"https:\/\/monte.gob.ar\/institutosuperior\/wp-content\/uploads\/2020\/10\/Imagen-7.png\" class=\"attachment-large size-large\" alt=\"\" loading=\"lazy\" srcset=\"https:\/\/monte.gob.ar\/institutosuperior\/wp-content\/uploads\/2020\/10\/Imagen-7.png 920w, https:\/\/monte.gob.ar\/institutosuperior\/wp-content\/uploads\/2020\/10\/Imagen-7-300x200.png 300w, https:\/\/monte.gob.ar\/institutosuperior\/wp-content\/uploads\/2020\/10\/Imagen-7-768x511.png 768w\" sizes=\"(max-width: 640px) 100vw, 640px\" \/>\t\t\t\t\t\t\t\t\t\t\t<figcaption class=\"widget-image-caption wp-caption-text\">Monument dedicated to Daniel Videla Dorna located in 1962.<\/figcaption>\n\t\t\t\t\t\t\t\t\t\t<\/figure>\n\t\t\t\t\t<\/div>\n\t\t\t\t<\/div>\n\t\t\t\t<\/div>\n\t\t\t\t\t\t<\/div>\n\t\t\t<\/div>\n\t\t<\/div>\n\t\t\t\t<div class=\"elementor-element elementor-element-48ab73d elementor-column elementor-col-50 elementor-top-column\" data-id=\"48ab73d\" data-element_type=\"column\">\n\t\t\t<div class=\"elementor-column-wrap  elementor-element-populated\">\n\t\t\t\t\t<div class=\"elementor-widget-wrap\">\n\t\t\t\t<div class=\"elementor-element elementor-element-cabe142 elementor-widget elementor-widget-image\" data-id=\"cabe142\" data-element_type=\"widget\" data-widget_type=\"image.default\">\n\t\t\t\t<div class=\"elementor-widget-container\">\n\t\t\t\t\t<div class=\"elementor-image\">\n\t\t\t\t\t\t\t<figure class=\"wp-caption\">\n\t\t\t\t\t\t\t\t\t\t<img width=\"640\" height=\"426\" src=\"https:\/\/monte.gob.ar\/institutosuperior\/wp-content\/uploads\/2020\/10\/Imagen-8.png\" class=\"attachment-large size-large\" alt=\"\" loading=\"lazy\" srcset=\"https:\/\/monte.gob.ar\/institutosuperior\/wp-content\/uploads\/2020\/10\/Imagen-8.png 920w, https:\/\/monte.gob.ar\/institutosuperior\/wp-content\/uploads\/2020\/10\/Imagen-8-300x200.png 300w, https:\/\/monte.gob.ar\/institutosuperior\/wp-content\/uploads\/2020\/10\/Imagen-8-768x511.png 768w\" sizes=\"(max-width: 640px) 100vw, 640px\" \/>\t\t\t\t\t\t\t\t\t\t\t<figcaption class=\"widget-image-caption wp-caption-text\">He was a National Deputy in 1934 and Minister of Culture of the Province of Buenos Aires in 1937. On his initiative, it was established as the Day of the Argentine Flag on June 20 (1938).<\/figcaption>\n\t\t\t\t\t\t\t\t\t\t<\/figure>\n\t\t\t\t\t<\/div>\n\t\t\t\t<\/div>\n\t\t\t\t<\/div>\n\t\t\t\t\t\t<\/div>\n\t\t\t<\/div>\n\t\t<\/div>\n\t\t\t\t\t\t<\/div>\n\t\t\t<\/div>\n\t\t<\/section>\n\t\t\t\t<section class=\"elementor-element elementor-element-0f5ff1f elementor-section-boxed elementor-section-gap-beside-yes elementor-section-height-default elementor-section-height-default elementor-section-column-vertical-align-stretch elementor-section elementor-top-section\" data-id=\"0f5ff1f\" data-element_type=\"section\">\n\t\t\t\t\t\t<div class=\"elementor-container elementor-column-gap-extended\">\n\t\t\t\t<div class=\"elementor-row\">\n\t\t\t\t<div class=\"elementor-element elementor-element-00bbd97 elementor-column elementor-col-100 elementor-top-column\" data-id=\"00bbd97\" data-element_type=\"column\">\n\t\t\t<div class=\"elementor-column-wrap  elementor-element-populated\">\n\t\t\t\t\t<div class=\"elementor-widget-wrap\">\n\t\t\t\t<div class=\"elementor-element elementor-element-d22e35b elementor-widget elementor-widget-image\" data-id=\"d22e35b\" data-element_type=\"widget\" data-widget_type=\"image.default\">\n\t\t\t\t<div class=\"elementor-widget-container\">\n\t\t\t\t\t<div class=\"elementor-image\">\n\t\t\t\t\t\t\t<figure class=\"wp-caption\">\n\t\t\t\t\t\t\t\t\t\t<img width=\"640\" height=\"359\" src=\"https:\/\/monte.gob.ar\/institutosuperior\/wp-content\/uploads\/2020\/10\/Imagen-9.png\" class=\"attachment-large size-large\" alt=\"\" loading=\"lazy\" srcset=\"https:\/\/monte.gob.ar\/institutosuperior\/wp-content\/uploads\/2020\/10\/Imagen-9.png 920w, https:\/\/monte.gob.ar\/institutosuperior\/wp-content\/uploads\/2020\/10\/Imagen-9-300x168.png 300w, https:\/\/monte.gob.ar\/institutosuperior\/wp-content\/uploads\/2020\/10\/Imagen-9-768x431.png 768w\" sizes=\"(max-width: 640px) 100vw, 640px\" \/>\t\t\t\t\t\t\t\t\t\t\t<figcaption class=\"widget-image-caption wp-caption-text\">He was Mayor of San Miguel del Monte in the periods 1914, 1934-1939 and 1942. He had the Municipal Palace built, the gates of the lagoon and commissioned the realization of the local shield.<\/figcaption>\n\t\t\t\t\t\t\t\t\t\t<\/figure>\n\t\t\t\t\t<\/div>\n\t\t\t\t<\/div>\n\t\t\t\t<\/div>\n\t\t\t\t\t\t<\/div>\n\t\t\t<\/div>\n\t\t<\/div>\n\t\t\t\t\t\t<\/div>\n\t\t\t<\/div>\n\t\t<\/section>\n\t\t\t\t<section class=\"elementor-element elementor-element-1374567 elementor-section-boxed elementor-section-gap-beside-yes elementor-section-height-default elementor-section-height-default elementor-section-column-vertical-align-stretch elementor-section elementor-top-section\" data-id=\"1374567\" data-element_type=\"section\">\n\t\t\t\t\t\t<div class=\"elementor-container elementor-column-gap-extended\">\n\t\t\t\t<div class=\"elementor-row\">\n\t\t\t\t<div class=\"elementor-element elementor-element-aea956b elementor-column elementor-col-100 elementor-top-column\" data-id=\"aea956b\" data-element_type=\"column\">\n\t\t\t<div class=\"elementor-column-wrap\">\n\t\t\t\t\t<div class=\"elementor-widget-wrap\">\n\t\t\t\t\t\t<\/div>\n\t\t\t<\/div>\n\t\t<\/div>\n\t\t\t\t\t\t<\/div>\n\t\t\t<\/div>\n\t\t<\/section>\n\t\t\t\t<section class=\"elementor-element elementor-element-b75d267 elementor-section-boxed elementor-section-gap-beside-yes elementor-section-height-default elementor-section-height-default elementor-section-column-vertical-align-stretch elementor-section elementor-top-section\" data-id=\"b75d267\" data-element_type=\"section\">\n\t\t\t\t\t\t<div class=\"elementor-container elementor-column-gap-extended\">\n\t\t\t\t<div class=\"elementor-row\">\n\t\t\t\t<div class=\"elementor-element elementor-element-d4e28a1 elementor-column elementor-col-100 elementor-top-column\" data-id=\"d4e28a1\" data-element_type=\"column\">\n\t\t\t<div class=\"elementor-column-wrap  elementor-element-populated\">\n\t\t\t\t\t<div class=\"elementor-widget-wrap\">\n\t\t\t\t<div class=\"elementor-element elementor-element-fe186b3 elementor-widget elementor-widget-text-editor\" data-id=\"fe186b3\" data-element_type=\"widget\" data-widget_type=\"text-editor.default\">\n\t\t\t\t<div class=\"elementor-widget-container\">\n\t\t\t\t\t<div class=\"elementor-text-editor elementor-clearfix\"><p style=\"text-align: center;\">SMALL AQUARE GRAL. MART\u00cdN RODRIGUEZ<\/p><p style=\"text-align: center;\">It is located between Eva Per\u00f3n streets, San Mart\u00edn Avenue and Petracchi. At first this crossing of streets ended up generating an empty triangular space, which would be configured in a small square allowing traffic to be ordered.<\/p><p style=\"text-align: center;\">Here is located the monument to Daniel Videla Dorna (1888-1971)<\/p><p style=\"text-align: center;\">Argentinian conservative national politician and landowner.<\/p><p style=\"text-align: center;\">He was born into a wealthy family that owns large areas of land in the Monte district.<\/p><p style=\"text-align: center;\">During his adolescence he became passionate about tango, standing out as a dancer. Together with Vicente Madero and Ricardo G\u00fciraldes he participated in various evenings in Paris that served to popularize this musical genre in France. He was also a member and leader of the Sociedad Sportiva Argentina, an institution that served as a model in the organization of the first sports clubs in the country.<\/p><p style=\"text-align: center;\">He was a member of the Conservative Party of Buenos Aires and candidate for Mayor in the San Miguel del Monte party, being elected and serving between 1914 and 1918.<\/p><p style=\"text-align: center;\">In 1926, he was a participant in the famous shooting in the Plaza Adolfo Alsina.<\/p><p style=\"text-align: center;\">In 1934 he was elected National Deputy for the National Democratic Party. Linked to Manuel Fresco, he was one of the advisers in his successful campaign for governor of Buenos Aires, which was crowned with the historic \u201cMarch of Victory\u201d of October 1935.<\/p><p style=\"text-align: center;\">Being part of the Argentine Youth Committee, he promoted the cult of national symbols, especially the national flag. He presented a bill to declare June 20 as the \u00abNational Flag Day\u00bb, choosing that date to also commemorate the death of Manuel Belgrano.<\/p><p style=\"text-align: center;\">In 1942 he denounced corruption in the granting of public service administration concessions to private companies of foreign origin. Due to this, he ended his participation as a national deputy. After his departure from the National Congress, he returned to San Miguel del Monte, where he was again elected Mayor until 1948.<\/p><p style=\"text-align: center;\">He passed away in late 1971.<\/p><\/div>\n\t\t\t\t<\/div>\n\t\t\t\t<\/div>\n\t\t\t\t\t\t<\/div>\n\t\t\t<\/div>\n\t\t<\/div>\n\t\t\t\t\t\t<\/div>\n\t\t\t<\/div>\n\t\t<\/section>\n\t\t\t\t<section class=\"elementor-element elementor-element-80bf377 elementor-section-boxed elementor-section-gap-beside-yes elementor-section-height-default elementor-section-height-default elementor-section-column-vertical-align-stretch elementor-section elementor-top-section\" data-id=\"80bf377\" data-element_type=\"section\">\n\t\t\t\t\t\t<div class=\"elementor-container elementor-column-gap-extended\">\n\t\t\t\t<div class=\"elementor-row\">\n\t\t\t\t<div class=\"elementor-element elementor-element-7a1f892 elementor-column elementor-col-100 elementor-top-column\" data-id=\"7a1f892\" data-element_type=\"column\">\n\t\t\t<div class=\"elementor-column-wrap  elementor-element-populated\">\n\t\t\t\t\t<div class=\"elementor-widget-wrap\">\n\t\t\t\t<div class=\"elementor-element elementor-element-1ae979c elementor-widget elementor-widget-spacer\" data-id=\"1ae979c\" data-element_type=\"widget\" data-widget_type=\"spacer.default\">\n\t\t\t\t<div class=\"elementor-widget-container\">\n\t\t\t\t\t<div class=\"elementor-spacer\">\n\t\t\t<div class=\"elementor-spacer-inner\"><\/div>\n\t\t<\/div>\n\t\t\t\t<\/div>\n\t\t\t\t<\/div>\n\t\t\t\t\t\t<\/div>\n\t\t\t<\/div>\n\t\t<\/div>\n\t\t\t\t\t\t<\/div>\n\t\t\t<\/div>\n\t\t<\/section>\n\t\t\t\t<section class=\"elementor-element elementor-element-d655ef0 elementor-section-boxed elementor-section-gap-beside-yes elementor-section-height-default elementor-section-height-default elementor-section-column-vertical-align-stretch elementor-section elementor-top-section\" data-id=\"d655ef0\" data-element_type=\"section\">\n\t\t\t\t\t\t<div class=\"elementor-container elementor-column-gap-extended\">\n\t\t\t\t<div class=\"elementor-row\">\n\t\t\t\t<div class=\"elementor-element elementor-element-5d2b6e4 elementor-column elementor-col-100 elementor-top-column\" data-id=\"5d2b6e4\" data-element_type=\"column\">\n\t\t\t<div class=\"elementor-column-wrap  elementor-element-populated\">\n\t\t\t\t\t<div class=\"elementor-widget-wrap\">\n\t\t\t\t<div class=\"elementor-element elementor-element-0e97450 elementor-widget elementor-widget-image\" data-id=\"0e97450\" data-element_type=\"widget\" data-widget_type=\"image.default\">\n\t\t\t\t<div class=\"elementor-widget-container\">\n\t\t\t\t\t<div class=\"elementor-image\">\n\t\t\t\t\t\t\t<figure class=\"wp-caption\">\n\t\t\t\t\t\t\t\t\t\t<img width=\"640\" height=\"374\" src=\"https:\/\/monte.gob.ar\/institutosuperior\/wp-content\/uploads\/2020\/11\/Imagen17-1024x598.jpg\" class=\"attachment-large size-large\" alt=\"\" loading=\"lazy\" srcset=\"https:\/\/monte.gob.ar\/institutosuperior\/wp-content\/uploads\/2020\/11\/Imagen17-1024x598.jpg 1024w, https:\/\/monte.gob.ar\/institutosuperior\/wp-content\/uploads\/2020\/11\/Imagen17-300x175.jpg 300w, https:\/\/monte.gob.ar\/institutosuperior\/wp-content\/uploads\/2020\/11\/Imagen17-768x448.jpg 768w, https:\/\/monte.gob.ar\/institutosuperior\/wp-content\/uploads\/2020\/11\/Imagen17.jpg 1206w\" sizes=\"(max-width: 640px) 100vw, 640px\" \/>\t\t\t\t\t\t\t\t\t\t\t<figcaption class=\"widget-image-caption wp-caption-text\">1905<\/figcaption>\n\t\t\t\t\t\t\t\t\t\t<\/figure>\n\t\t\t\t\t<\/div>\n\t\t\t\t<\/div>\n\t\t\t\t<\/div>\n\t\t\t\t\t\t<\/div>\n\t\t\t<\/div>\n\t\t<\/div>\n\t\t\t\t\t\t<\/div>\n\t\t\t<\/div>\n\t\t<\/section>\n\t\t\t\t<section class=\"elementor-element elementor-element-9b28bfa elementor-section-boxed elementor-section-gap-beside-yes elementor-section-height-default elementor-section-height-default elementor-section-column-vertical-align-stretch elementor-section elementor-top-section\" data-id=\"9b28bfa\" data-element_type=\"section\">\n\t\t\t\t\t\t<div class=\"elementor-container elementor-column-gap-extended\">\n\t\t\t\t<div class=\"elementor-row\">\n\t\t\t\t<div class=\"elementor-element elementor-element-cdd8dd6 elementor-column elementor-col-50 elementor-top-column\" data-id=\"cdd8dd6\" data-element_type=\"column\">\n\t\t\t<div class=\"elementor-column-wrap  elementor-element-populated\">\n\t\t\t\t\t<div class=\"elementor-widget-wrap\">\n\t\t\t\t<div class=\"elementor-element elementor-element-85820ed elementor-widget elementor-widget-image\" data-id=\"85820ed\" data-element_type=\"widget\" data-widget_type=\"image.default\">\n\t\t\t\t<div class=\"elementor-widget-container\">\n\t\t\t\t\t<div class=\"elementor-image\">\n\t\t\t\t\t\t\t<figure class=\"wp-caption\">\n\t\t\t\t\t\t\t\t\t\t<img width=\"640\" height=\"437\" src=\"https:\/\/monte.gob.ar\/institutosuperior\/wp-content\/uploads\/2020\/11\/DSC_0098-768x524.jpg\" class=\"attachment-medium_large size-medium_large\" alt=\"\" loading=\"lazy\" srcset=\"https:\/\/monte.gob.ar\/institutosuperior\/wp-content\/uploads\/2020\/11\/DSC_0098-768x524.jpg 768w, https:\/\/monte.gob.ar\/institutosuperior\/wp-content\/uploads\/2020\/11\/DSC_0098-300x205.jpg 300w, https:\/\/monte.gob.ar\/institutosuperior\/wp-content\/uploads\/2020\/11\/DSC_0098-1024x698.jpg 1024w, https:\/\/monte.gob.ar\/institutosuperior\/wp-content\/uploads\/2020\/11\/DSC_0098-1536x1048.jpg 1536w, https:\/\/monte.gob.ar\/institutosuperior\/wp-content\/uploads\/2020\/11\/DSC_0098-2048x1397.jpg 2048w\" sizes=\"(max-width: 640px) 100vw, 640px\" \/>\t\t\t\t\t\t\t\t\t\t\t<figcaption class=\"widget-image-caption wp-caption-text\"><\/figcaption>\n\t\t\t\t\t\t\t\t\t\t<\/figure>\n\t\t\t\t\t<\/div>\n\t\t\t\t<\/div>\n\t\t\t\t<\/div>\n\t\t\t\t\t\t<\/div>\n\t\t\t<\/div>\n\t\t<\/div>\n\t\t\t\t<div class=\"elementor-element elementor-element-7c4e565 elementor-column elementor-col-50 elementor-top-column\" data-id=\"7c4e565\" data-element_type=\"column\">\n\t\t\t<div class=\"elementor-column-wrap  elementor-element-populated\">\n\t\t\t\t\t<div class=\"elementor-widget-wrap\">\n\t\t\t\t<div class=\"elementor-element elementor-element-e0693ec elementor-widget elementor-widget-image\" data-id=\"e0693ec\" data-element_type=\"widget\" data-widget_type=\"image.default\">\n\t\t\t\t<div class=\"elementor-widget-container\">\n\t\t\t\t\t<div class=\"elementor-image\">\n\t\t\t\t\t\t\t<figure class=\"wp-caption\">\n\t\t\t\t\t\t\t\t\t\t<img width=\"2560\" height=\"1510\" src=\"https:\/\/monte.gob.ar\/institutosuperior\/wp-content\/uploads\/2020\/11\/Plazoleta-scaled.jpg\" class=\"attachment-full size-full\" alt=\"\" loading=\"lazy\" srcset=\"https:\/\/monte.gob.ar\/institutosuperior\/wp-content\/uploads\/2020\/11\/Plazoleta-scaled.jpg 2560w, https:\/\/monte.gob.ar\/institutosuperior\/wp-content\/uploads\/2020\/11\/Plazoleta-300x177.jpg 300w, https:\/\/monte.gob.ar\/institutosuperior\/wp-content\/uploads\/2020\/11\/Plazoleta-1024x604.jpg 1024w, https:\/\/monte.gob.ar\/institutosuperior\/wp-content\/uploads\/2020\/11\/Plazoleta-768x453.jpg 768w, https:\/\/monte.gob.ar\/institutosuperior\/wp-content\/uploads\/2020\/11\/Plazoleta-1536x906.jpg 1536w, https:\/\/monte.gob.ar\/institutosuperior\/wp-content\/uploads\/2020\/11\/Plazoleta-2048x1208.jpg 2048w\" sizes=\"(max-width: 2560px) 100vw, 2560px\" \/>\t\t\t\t\t\t\t\t\t\t\t<figcaption class=\"widget-image-caption wp-caption-text\">2020<\/figcaption>\n\t\t\t\t\t\t\t\t\t\t<\/figure>\n\t\t\t\t\t<\/div>\n\t\t\t\t<\/div>\n\t\t\t\t<\/div>\n\t\t\t\t\t\t<\/div>\n\t\t\t<\/div>\n\t\t<\/div>\n\t\t\t\t\t\t<\/div>\n\t\t\t<\/div>\n\t\t<\/section>\n\t\t\t\t<section class=\"elementor-element elementor-element-53e0bae elementor-section-boxed elementor-section-gap-beside-yes elementor-section-height-default elementor-section-height-default elementor-section-column-vertical-align-stretch elementor-section elementor-top-section\" data-id=\"53e0bae\" data-element_type=\"section\">\n\t\t\t\t\t\t<div class=\"elementor-container elementor-column-gap-extended\">\n\t\t\t\t<div class=\"elementor-row\">\n\t\t\t\t<div class=\"elementor-element elementor-element-8462e8f elementor-column elementor-col-50 elementor-top-column\" data-id=\"8462e8f\" data-element_type=\"column\">\n\t\t\t<div class=\"elementor-column-wrap  elementor-element-populated\">\n\t\t\t\t\t<div class=\"elementor-widget-wrap\">\n\t\t\t\t<div class=\"elementor-element elementor-element-1b6e5a1 elementor-widget elementor-widget-image\" data-id=\"1b6e5a1\" data-element_type=\"widget\" data-widget_type=\"image.default\">\n\t\t\t\t<div class=\"elementor-widget-container\">\n\t\t\t\t\t<div class=\"elementor-image\">\n\t\t\t\t\t\t\t<figure class=\"wp-caption\">\n\t\t\t\t\t\t\t\t\t\t<img width=\"640\" height=\"853\" src=\"https:\/\/monte.gob.ar\/institutosuperior\/wp-content\/uploads\/2020\/11\/WhatsApp-Image-2020-11-17-at-14.17.45-768x1024.jpeg\" class=\"attachment-large size-large\" alt=\"\" loading=\"lazy\" srcset=\"https:\/\/monte.gob.ar\/institutosuperior\/wp-content\/uploads\/2020\/11\/WhatsApp-Image-2020-11-17-at-14.17.45-768x1024.jpeg 768w, https:\/\/monte.gob.ar\/institutosuperior\/wp-content\/uploads\/2020\/11\/WhatsApp-Image-2020-11-17-at-14.17.45-225x300.jpeg 225w, https:\/\/monte.gob.ar\/institutosuperior\/wp-content\/uploads\/2020\/11\/WhatsApp-Image-2020-11-17-at-14.17.45.jpeg 780w\" sizes=\"(max-width: 640px) 100vw, 640px\" \/>\t\t\t\t\t\t\t\t\t\t\t<figcaption class=\"widget-image-caption wp-caption-text\">2020<\/figcaption>\n\t\t\t\t\t\t\t\t\t\t<\/figure>\n\t\t\t\t\t<\/div>\n\t\t\t\t<\/div>\n\t\t\t\t<\/div>\n\t\t\t\t\t\t<\/div>\n\t\t\t<\/div>\n\t\t<\/div>\n\t\t\t\t<div class=\"elementor-element elementor-element-94e1f28 elementor-column elementor-col-50 elementor-top-column\" data-id=\"94e1f28\" data-element_type=\"column\">\n\t\t\t<div class=\"elementor-column-wrap  elementor-element-populated\">\n\t\t\t\t\t<div class=\"elementor-widget-wrap\">\n\t\t\t\t<div class=\"elementor-element elementor-element-3ffe336 elementor-widget elementor-widget-image\" data-id=\"3ffe336\" data-element_type=\"widget\" data-widget_type=\"image.default\">\n\t\t\t\t<div class=\"elementor-widget-container\">\n\t\t\t\t\t<div class=\"elementor-image\">\n\t\t\t\t\t\t\t<figure class=\"wp-caption\">\n\t\t\t\t\t\t\t\t\t\t<img width=\"592\" height=\"1052\" src=\"https:\/\/monte.gob.ar\/institutosuperior\/wp-content\/uploads\/2020\/11\/WhatsApp-Image-2020-11-17-at-14.18.39.jpeg\" class=\"attachment-medium_large size-medium_large\" alt=\"\" loading=\"lazy\" srcset=\"https:\/\/monte.gob.ar\/institutosuperior\/wp-content\/uploads\/2020\/11\/WhatsApp-Image-2020-11-17-at-14.18.39.jpeg 592w, https:\/\/monte.gob.ar\/institutosuperior\/wp-content\/uploads\/2020\/11\/WhatsApp-Image-2020-11-17-at-14.18.39-169x300.jpeg 169w, https:\/\/monte.gob.ar\/institutosuperior\/wp-content\/uploads\/2020\/11\/WhatsApp-Image-2020-11-17-at-14.18.39-576x1024.jpeg 576w\" sizes=\"(max-width: 592px) 100vw, 592px\" \/>\t\t\t\t\t\t\t\t\t\t\t<figcaption class=\"widget-image-caption wp-caption-text\">2020<\/figcaption>\n\t\t\t\t\t\t\t\t\t\t<\/figure>\n\t\t\t\t\t<\/div>\n\t\t\t\t<\/div>\n\t\t\t\t<\/div>\n\t\t\t\t\t\t<\/div>\n\t\t\t<\/div>\n\t\t<\/div>\n\t\t\t\t\t\t<\/div>\n\t\t\t<\/div>\n\t\t<\/section>\n\t\t\t\t\t\t<\/div>\n\t\t\t<\/div>\n\t\t<\/div>\n\t\t","protected":false},"excerpt":{"rendered":"<p>Monument dedicated to Daniel Videla Dorna located in 1962. He was a National Deputy in 1934 and Minister of Culture of the Province of Buenos Aires in 1937. On his initiative, it was established as the Day of the Argentine Flag on June 20 (1938). He was Mayor of San Miguel del Monte in the periods 1914, 1934-1939 and 1942. He had the Municipal Palace built, the gates of the lagoon and commissioned the realization of the local shield. SMALL AQUARE GRAL. MART\u00cdN RODRIGUEZ It is located between Eva Per\u00f3n streets, San Mart\u00edn Avenue and Petracchi. At first this crossing of streets ended up generating an empty triangular space, which would be configured in a small square allowing traffic to be ordered. Here is located the monument to Daniel Videla Dorna (1888-1971) Argentinian conservative national politician and landowner. He was born into a wealthy family that owns large areas of land in the Monte district. During his adolescence he became passionate about tango, standing out as a dancer. Together with Vicente Madero and Ricardo G\u00fciraldes he participated in various evenings in Paris that served to popularize this musical genre in France. He was also a member and leader of the Sociedad Sportiva Argentina, an institution that served as a model in the organization of the first sports clubs in the country. He was a member of the Conservative Party of Buenos Aires and candidate for Mayor in the San Miguel del Monte party, being elected and serving between 1914 and 1918. In 1926, he was a participant in the famous shooting in the Plaza Adolfo Alsina. In 1934 he was elected National Deputy for the National Democratic Party. Linked to Manuel Fresco, he was one of the advisers in his successful campaign for governor of Buenos Aires, which was crowned with the historic \u201cMarch of Victory\u201d of October 1935. Being part of the Argentine Youth Committee, he promoted the cult of national symbols, especially the national flag. He presented a bill to declare June 20 as the \u00abNational Flag Day\u00bb, choosing that date to also commemorate the death of Manuel Belgrano. In 1942 he denounced corruption in the granting of public service administration concessions to private companies of foreign origin. Due to this, he ended his participation as a national deputy. After his departure from the National Congress, he returned to San Miguel del Monte, where he was again elected Mayor until 1948. He passed away in late 1971. 1905 2020 2020 2020<\/p>\n","protected":false},"author":2,"featured_media":0,"parent":0,"menu_order":0,"comment_status":"closed","ping_status":"closed","template":"","meta":[],"_links":{"self":[{"href":"https:\/\/monte.gob.ar\/institutosuperior\/wp-json\/wp\/v2\/pages\/26414"}],"collection":[{"href":"https:\/\/monte.gob.ar\/institutosuperior\/wp-json\/wp\/v2\/pages"}],"about":[{"href":"https:\/\/monte.gob.ar\/institutosuperior\/wp-json\/wp\/v2\/types\/page"}],"author":[{"embeddable":true,"href":"https:\/\/monte.gob.ar\/institutosuperior\/wp-json\/wp\/v2\/users\/2"}],"replies":[{"embeddable":true,"href":"https:\/\/monte.gob.ar\/institutosuperior\/wp-json\/wp\/v2\/comments?post=26414"}],"version-history":[{"count":6,"href":"https:\/\/monte.gob.ar\/institutosuperior\/wp-json\/wp\/v2\/pages\/26414\/revisions"}],"predecessor-version":[{"id":26918,"href":"https:\/\/monte.gob.ar\/institutosuperior\/wp-json\/wp\/v2\/pages\/26414\/revisions\/26918"}],"wp:attachment":[{"href":"https:\/\/monte.gob.ar\/institutosuperior\/wp-json\/wp\/v2\/media?parent=26414"}],"curies":[{"name":"wp","href":"https:\/\/api.w.org\/{rel}","templated":true}]}}