{"id":26412,"date":"2021-08-10T15:45:55","date_gmt":"2021-08-10T18:45:55","guid":{"rendered":"http:\/\/monte.gob.ar\/institutosuperior\/?page_id=26412"},"modified":"2021-11-02T19:14:43","modified_gmt":"2021-11-02T22:14:43","slug":"avenida-san-martin-duplicate-1","status":"publish","type":"page","link":"https:\/\/monte.gob.ar\/institutosuperior\/avenida-san-martin-duplicate-1\/","title":{"rendered":"San Martin Avenue"},"content":{"rendered":"\t\t<div data-elementor-type=\"wp-page\" data-elementor-id=\"26412\" class=\"elementor elementor-26412\" data-elementor-settings=\"[]\">\n\t\t\t<div class=\"elementor-inner\">\n\t\t\t\t<div class=\"elementor-section-wrap\">\n\t\t\t\t\t\t\t<section class=\"elementor-element elementor-element-090afc2 elementor-section-boxed elementor-section-gap-beside-yes elementor-section-height-default elementor-section-height-default elementor-section-column-vertical-align-stretch elementor-section elementor-top-section\" data-id=\"090afc2\" data-element_type=\"section\">\n\t\t\t\t\t\t<div class=\"elementor-container elementor-column-gap-extended\">\n\t\t\t\t<div class=\"elementor-row\">\n\t\t\t\t<div class=\"elementor-element elementor-element-12dafcc elementor-column elementor-col-100 elementor-top-column\" data-id=\"12dafcc\" data-element_type=\"column\">\n\t\t\t<div class=\"elementor-column-wrap  elementor-element-populated\">\n\t\t\t\t\t<div class=\"elementor-widget-wrap\">\n\t\t\t\t<div class=\"elementor-element elementor-element-74f3bcd elementor-widget elementor-widget-html\" data-id=\"74f3bcd\" data-element_type=\"widget\" data-widget_type=\"html.default\">\n\t\t\t\t<div class=\"elementor-widget-container\">\n\t\t\t<iframe src=\"https:\/\/www.google.com\/maps\/embed?pb=!4v1604012316512!6m8!1m7!1sHs6ZI1UkfyDu-xX3fPkAyw!2m2!1d-35.44153017829708!2d-58.80619898673792!3f313.7837983261977!4f-11.238081421257974!5f0.7820865974627469\" width=\"600\" height=\"450\" frameborder=\"0\" style=\"border:0;\" allowfullscreen=\"\" aria-hidden=\"false\" tabindex=\"0\"><\/iframe>\t\t<\/div>\n\t\t\t\t<\/div>\n\t\t\t\t\t\t<\/div>\n\t\t\t<\/div>\n\t\t<\/div>\n\t\t\t\t\t\t<\/div>\n\t\t\t<\/div>\n\t\t<\/section>\n\t\t\t\t<section class=\"elementor-element elementor-element-5c4253e elementor-section-boxed elementor-section-gap-beside-yes elementor-section-height-default elementor-section-height-default elementor-section-column-vertical-align-stretch elementor-section elementor-top-section\" data-id=\"5c4253e\" data-element_type=\"section\">\n\t\t\t\t\t\t<div class=\"elementor-container elementor-column-gap-extended\">\n\t\t\t\t<div class=\"elementor-row\">\n\t\t\t\t<div class=\"elementor-element elementor-element-f836384 elementor-column elementor-col-100 elementor-top-column\" data-id=\"f836384\" data-element_type=\"column\">\n\t\t\t<div class=\"elementor-column-wrap  elementor-element-populated\">\n\t\t\t\t\t<div class=\"elementor-widget-wrap\">\n\t\t\t\t<div class=\"elementor-element elementor-element-1653456 elementor-widget elementor-widget-text-editor\" data-id=\"1653456\" data-element_type=\"widget\" data-widget_type=\"text-editor.default\">\n\t\t\t\t<div class=\"elementor-widget-container\">\n\t\t\t\t\t<div class=\"elementor-text-editor elementor-clearfix\"><p>Avenida San Mart\u00edn, on the left is the Meritorious School No. 1 \u00abDon Jos\u00e9 de San Mart\u00edn\u00bb, on the right the Plazoleta \u00abGral. Martin Rodr\u00edguez\u00bb<\/p><\/div>\n\t\t\t\t<\/div>\n\t\t\t\t<\/div>\n\t\t\t\t\t\t<\/div>\n\t\t\t<\/div>\n\t\t<\/div>\n\t\t\t\t\t\t<\/div>\n\t\t\t<\/div>\n\t\t<\/section>\n\t\t\t\t<section class=\"elementor-element elementor-element-66e9a70 elementor-section-boxed elementor-section-gap-beside-yes elementor-section-height-default elementor-section-height-default elementor-section-column-vertical-align-stretch elementor-section elementor-top-section\" data-id=\"66e9a70\" data-element_type=\"section\">\n\t\t\t\t\t\t<div class=\"elementor-container elementor-column-gap-extended\">\n\t\t\t\t<div class=\"elementor-row\">\n\t\t\t\t<div class=\"elementor-element elementor-element-dcaeaf3 elementor-column elementor-col-100 elementor-top-column\" data-id=\"dcaeaf3\" data-element_type=\"column\">\n\t\t\t<div class=\"elementor-column-wrap\">\n\t\t\t\t\t<div class=\"elementor-widget-wrap\">\n\t\t\t\t\t\t<\/div>\n\t\t\t<\/div>\n\t\t<\/div>\n\t\t\t\t\t\t<\/div>\n\t\t\t<\/div>\n\t\t<\/section>\n\t\t\t\t<section class=\"elementor-element elementor-element-880078f elementor-section-boxed elementor-section-gap-beside-yes elementor-section-height-default elementor-section-height-default elementor-section-column-vertical-align-stretch elementor-section elementor-top-section\" data-id=\"880078f\" data-element_type=\"section\">\n\t\t\t\t\t\t<div class=\"elementor-container elementor-column-gap-extended\">\n\t\t\t\t<div class=\"elementor-row\">\n\t\t\t\t<div class=\"elementor-element elementor-element-d675355 elementor-column elementor-col-100 elementor-top-column\" data-id=\"d675355\" data-element_type=\"column\">\n\t\t\t<div class=\"elementor-column-wrap  elementor-element-populated\">\n\t\t\t\t\t<div class=\"elementor-widget-wrap\">\n\t\t\t\t<div class=\"elementor-element elementor-element-c00dff3 elementor-widget elementor-widget-text-editor\" data-id=\"c00dff3\" data-element_type=\"widget\" data-widget_type=\"text-editor.default\">\n\t\t\t\t<div class=\"elementor-widget-container\">\n\t\t\t\t\t<div class=\"elementor-text-editor elementor-clearfix\"><p style=\"text-align: center;\">SAN MART\u00cdN AVENUE<\/p><p style=\"text-align: center;\">Approximately towards the year 1873 the assignment of names to the Montenses streets begins. Thus, it was decided to call what is now Av. San Mart\u00edn Boulevard, long before its construction.<\/p><p style=\"text-align: center;\">With the arrival of the railway, the installation of the train station was proposed, for that reason, a direct connection with the town center was requested, which by 1891 was not yet completed and which could be completed thanks to neighborhood collaboration.<\/p><p style=\"text-align: center;\">On January 1, 1906, with Daniel Videla Dorna being Mayor, it was decided that the Boulevard be named after Don Zen\u00f3n Videla Dorna. At that time it was thought to pave and illuminate the artery to connect the Civic Center with the railway station.<\/p><p style=\"text-align: center;\"><span style=\"font-weight: 400;\">\u00a0<\/span><\/p><\/div>\n\t\t\t\t<\/div>\n\t\t\t\t<\/div>\n\t\t\t\t\t\t<\/div>\n\t\t\t<\/div>\n\t\t<\/div>\n\t\t\t\t\t\t<\/div>\n\t\t\t<\/div>\n\t\t<\/section>\n\t\t\t\t<section class=\"elementor-element elementor-element-6dae16d elementor-section-boxed elementor-section-gap-beside-yes elementor-section-height-default elementor-section-height-default elementor-section-column-vertical-align-stretch elementor-section elementor-top-section\" data-id=\"6dae16d\" data-element_type=\"section\">\n\t\t\t\t\t\t<div class=\"elementor-container elementor-column-gap-extended\">\n\t\t\t\t<div class=\"elementor-row\">\n\t\t\t\t<div class=\"elementor-element elementor-element-30a4f3c elementor-column elementor-col-50 elementor-top-column\" data-id=\"30a4f3c\" data-element_type=\"column\">\n\t\t\t<div class=\"elementor-column-wrap  elementor-element-populated\">\n\t\t\t\t\t<div class=\"elementor-widget-wrap\">\n\t\t\t\t<div class=\"elementor-element elementor-element-0df1a71 elementor-widget elementor-widget-image\" data-id=\"0df1a71\" data-element_type=\"widget\" data-widget_type=\"image.default\">\n\t\t\t\t<div class=\"elementor-widget-container\">\n\t\t\t\t\t<div class=\"elementor-image\">\n\t\t\t\t\t\t\t<figure class=\"wp-caption\">\n\t\t\t\t\t\t\t\t\t\t<img width=\"640\" height=\"366\" src=\"https:\/\/monte.gob.ar\/institutosuperior\/wp-content\/uploads\/2020\/11\/Imagen9-1024x585.jpg\" class=\"attachment-large size-large\" alt=\"\" loading=\"lazy\" srcset=\"https:\/\/monte.gob.ar\/institutosuperior\/wp-content\/uploads\/2020\/11\/Imagen9-1024x585.jpg 1024w, https:\/\/monte.gob.ar\/institutosuperior\/wp-content\/uploads\/2020\/11\/Imagen9-300x171.jpg 300w, https:\/\/monte.gob.ar\/institutosuperior\/wp-content\/uploads\/2020\/11\/Imagen9-768x439.jpg 768w, https:\/\/monte.gob.ar\/institutosuperior\/wp-content\/uploads\/2020\/11\/Imagen9.jpg 1299w\" sizes=\"(max-width: 640px) 100vw, 640px\" \/>\t\t\t\t\t\t\t\t\t\t\t<figcaption class=\"widget-image-caption wp-caption-text\">Boulevard Videla Dorna (Actual Avenida San Mart\u00edn) main artery to join the Railway Station. Paving project under the direction of Daniel Videla Dorna. Photo from 1906.<\/figcaption>\n\t\t\t\t\t\t\t\t\t\t<\/figure>\n\t\t\t\t\t<\/div>\n\t\t\t\t<\/div>\n\t\t\t\t<\/div>\n\t\t\t\t\t\t<\/div>\n\t\t\t<\/div>\n\t\t<\/div>\n\t\t\t\t<div class=\"elementor-element elementor-element-b8a9abc elementor-column elementor-col-50 elementor-top-column\" data-id=\"b8a9abc\" data-element_type=\"column\">\n\t\t\t<div class=\"elementor-column-wrap  elementor-element-populated\">\n\t\t\t\t\t<div class=\"elementor-widget-wrap\">\n\t\t\t\t<div class=\"elementor-element elementor-element-62bb852 elementor-widget elementor-widget-image\" data-id=\"62bb852\" data-element_type=\"widget\" data-widget_type=\"image.default\">\n\t\t\t\t<div class=\"elementor-widget-container\">\n\t\t\t\t\t<div class=\"elementor-image\">\n\t\t\t\t\t\t\t<figure class=\"wp-caption\">\n\t\t\t\t\t\t\t\t\t\t<img width=\"551\" height=\"355\" src=\"https:\/\/monte.gob.ar\/institutosuperior\/wp-content\/uploads\/2020\/11\/Imagen20.jpg\" class=\"attachment-large size-large\" alt=\"\" loading=\"lazy\" srcset=\"https:\/\/monte.gob.ar\/institutosuperior\/wp-content\/uploads\/2020\/11\/Imagen20.jpg 551w, https:\/\/monte.gob.ar\/institutosuperior\/wp-content\/uploads\/2020\/11\/Imagen20-300x193.jpg 300w\" sizes=\"(max-width: 551px) 100vw, 551px\" \/>\t\t\t\t\t\t\t\t\t\t\t<figcaption class=\"widget-image-caption wp-caption-text\">Construction of the Boulevard, today Avenida San Mart\u00edn, is the widest avenue in Monte and the main requirement for the location of the railway station, year 1892<\/figcaption>\n\t\t\t\t\t\t\t\t\t\t<\/figure>\n\t\t\t\t\t<\/div>\n\t\t\t\t<\/div>\n\t\t\t\t<\/div>\n\t\t\t\t\t\t<\/div>\n\t\t\t<\/div>\n\t\t<\/div>\n\t\t\t\t\t\t<\/div>\n\t\t\t<\/div>\n\t\t<\/section>\n\t\t\t\t<section class=\"elementor-element elementor-element-67e57b5 elementor-section-boxed elementor-section-gap-beside-yes elementor-section-height-default elementor-section-height-default elementor-section-column-vertical-align-stretch elementor-section elementor-top-section\" data-id=\"67e57b5\" data-element_type=\"section\">\n\t\t\t\t\t\t<div class=\"elementor-container elementor-column-gap-extended\">\n\t\t\t\t<div class=\"elementor-row\">\n\t\t\t\t<div class=\"elementor-element elementor-element-d25dd23 elementor-column elementor-col-50 elementor-top-column\" data-id=\"d25dd23\" data-element_type=\"column\">\n\t\t\t<div class=\"elementor-column-wrap  elementor-element-populated\">\n\t\t\t\t\t<div class=\"elementor-widget-wrap\">\n\t\t\t\t<div class=\"elementor-element elementor-element-66f875b elementor-widget elementor-widget-image\" data-id=\"66f875b\" data-element_type=\"widget\" data-widget_type=\"image.default\">\n\t\t\t\t<div class=\"elementor-widget-container\">\n\t\t\t\t\t<div class=\"elementor-image\">\n\t\t\t\t\t\t\t<figure class=\"wp-caption\">\n\t\t\t\t\t\t\t\t\t\t<img width=\"640\" height=\"444\" src=\"https:\/\/monte.gob.ar\/institutosuperior\/wp-content\/uploads\/2020\/11\/Imagen6-1024x711.jpg\" class=\"attachment-large size-large\" alt=\"\" loading=\"lazy\" srcset=\"https:\/\/monte.gob.ar\/institutosuperior\/wp-content\/uploads\/2020\/11\/Imagen6-1024x711.jpg 1024w, https:\/\/monte.gob.ar\/institutosuperior\/wp-content\/uploads\/2020\/11\/Imagen6-300x208.jpg 300w, https:\/\/monte.gob.ar\/institutosuperior\/wp-content\/uploads\/2020\/11\/Imagen6-768x533.jpg 768w, https:\/\/monte.gob.ar\/institutosuperior\/wp-content\/uploads\/2020\/11\/Imagen6.jpg 1213w\" sizes=\"(max-width: 640px) 100vw, 640px\" \/>\t\t\t\t\t\t\t\t\t\t\t<figcaption class=\"widget-image-caption wp-caption-text\">Southeast end of the in homage to the former Commissioner of Monte and distinguished patriarch of the Videla Dorna San Mart\u00edn family, formerly Zen\u00f3n Videla Dorna Boulevard, is the main access to the Montense center. Photo of the year 2020<\/figcaption>\n\t\t\t\t\t\t\t\t\t\t<\/figure>\n\t\t\t\t\t<\/div>\n\t\t\t\t<\/div>\n\t\t\t\t<\/div>\n\t\t\t\t\t\t<\/div>\n\t\t\t<\/div>\n\t\t<\/div>\n\t\t\t\t<div class=\"elementor-element elementor-element-6eb64fb elementor-column elementor-col-50 elementor-top-column\" data-id=\"6eb64fb\" data-element_type=\"column\">\n\t\t\t<div class=\"elementor-column-wrap  elementor-element-populated\">\n\t\t\t\t\t<div class=\"elementor-widget-wrap\">\n\t\t\t\t<div class=\"elementor-element elementor-element-ef22b5c elementor-widget elementor-widget-image\" data-id=\"ef22b5c\" data-element_type=\"widget\" data-widget_type=\"image.default\">\n\t\t\t\t<div class=\"elementor-widget-container\">\n\t\t\t\t\t<div class=\"elementor-image\">\n\t\t\t\t\t\t\t<figure class=\"wp-caption\">\n\t\t\t\t\t\t\t\t\t\t<img width=\"640\" height=\"427\" src=\"https:\/\/monte.gob.ar\/institutosuperior\/wp-content\/uploads\/2020\/11\/Imagen7-1024x683.jpg\" class=\"attachment-large size-large\" alt=\"\" loading=\"lazy\" srcset=\"https:\/\/monte.gob.ar\/institutosuperior\/wp-content\/uploads\/2020\/11\/Imagen7-1024x683.jpg 1024w, https:\/\/monte.gob.ar\/institutosuperior\/wp-content\/uploads\/2020\/11\/Imagen7-300x200.jpg 300w, https:\/\/monte.gob.ar\/institutosuperior\/wp-content\/uploads\/2020\/11\/Imagen7-768x512.jpg 768w, https:\/\/monte.gob.ar\/institutosuperior\/wp-content\/uploads\/2020\/11\/Imagen7.jpg 1204w\" sizes=\"(max-width: 640px) 100vw, 640px\" \/>\t\t\t\t\t\t\t\t\t\t\t<figcaption class=\"widget-image-caption wp-caption-text\">Intersection between Avenida San Mart\u00edn and Avenida Rivadavia. Photo of the year 2020<\/figcaption>\n\t\t\t\t\t\t\t\t\t\t<\/figure>\n\t\t\t\t\t<\/div>\n\t\t\t\t<\/div>\n\t\t\t\t<\/div>\n\t\t\t\t\t\t<\/div>\n\t\t\t<\/div>\n\t\t<\/div>\n\t\t\t\t\t\t<\/div>\n\t\t\t<\/div>\n\t\t<\/section>\n\t\t\t\t<section class=\"elementor-element elementor-element-c14b26f elementor-section-boxed elementor-section-gap-beside-yes elementor-section-height-default elementor-section-height-default elementor-section-column-vertical-align-stretch elementor-section elementor-top-section\" data-id=\"c14b26f\" data-element_type=\"section\">\n\t\t\t\t\t\t<div class=\"elementor-container elementor-column-gap-extended\">\n\t\t\t\t<div class=\"elementor-row\">\n\t\t\t\t<div class=\"elementor-element elementor-element-4db7af3 elementor-column elementor-col-25 elementor-top-column\" data-id=\"4db7af3\" data-element_type=\"column\">\n\t\t\t<div class=\"elementor-column-wrap  elementor-element-populated\">\n\t\t\t\t\t<div class=\"elementor-widget-wrap\">\n\t\t\t\t<div class=\"elementor-element elementor-element-53057c9 elementor-widget elementor-widget-image\" data-id=\"53057c9\" data-element_type=\"widget\" data-widget_type=\"image.default\">\n\t\t\t\t<div class=\"elementor-widget-container\">\n\t\t\t\t\t<div class=\"elementor-image\">\n\t\t\t\t\t\t\t<figure class=\"wp-caption\">\n\t\t\t\t\t\t\t\t\t\t<img width=\"169\" height=\"300\" src=\"https:\/\/monte.gob.ar\/institutosuperior\/wp-content\/uploads\/2020\/11\/WhatsApp-Image-2020-11-17-at-15.00.21-169x300.jpeg\" class=\"attachment-medium size-medium\" alt=\"\" loading=\"lazy\" srcset=\"https:\/\/monte.gob.ar\/institutosuperior\/wp-content\/uploads\/2020\/11\/WhatsApp-Image-2020-11-17-at-15.00.21-169x300.jpeg 169w, https:\/\/monte.gob.ar\/institutosuperior\/wp-content\/uploads\/2020\/11\/WhatsApp-Image-2020-11-17-at-15.00.21-576x1024.jpeg 576w, https:\/\/monte.gob.ar\/institutosuperior\/wp-content\/uploads\/2020\/11\/WhatsApp-Image-2020-11-17-at-15.00.21.jpeg 592w\" sizes=\"(max-width: 169px) 100vw, 169px\" \/>\t\t\t\t\t\t\t\t\t\t\t<figcaption class=\"widget-image-caption wp-caption-text\">Monument to Don Adolfo Jos\u00e9 G\u00fciraldes<\/figcaption>\n\t\t\t\t\t\t\t\t\t\t<\/figure>\n\t\t\t\t\t<\/div>\n\t\t\t\t<\/div>\n\t\t\t\t<\/div>\n\t\t\t\t\t\t<\/div>\n\t\t\t<\/div>\n\t\t<\/div>\n\t\t\t\t<div class=\"elementor-element elementor-element-dbccc6a elementor-column elementor-col-25 elementor-top-column\" data-id=\"dbccc6a\" data-element_type=\"column\">\n\t\t\t<div class=\"elementor-column-wrap  elementor-element-populated\">\n\t\t\t\t\t<div class=\"elementor-widget-wrap\">\n\t\t\t\t<div class=\"elementor-element elementor-element-4a9e5d0 elementor-widget elementor-widget-image\" data-id=\"4a9e5d0\" data-element_type=\"widget\" data-widget_type=\"image.default\">\n\t\t\t\t<div class=\"elementor-widget-container\">\n\t\t\t\t\t<div class=\"elementor-image\">\n\t\t\t\t\t\t\t<figure class=\"wp-caption\">\n\t\t\t\t\t\t\t\t\t\t<img width=\"640\" height=\"821\" src=\"https:\/\/monte.gob.ar\/institutosuperior\/wp-content\/uploads\/2020\/11\/Imagen10-798x1024.jpg\" class=\"attachment-large size-large\" alt=\"\" loading=\"lazy\" srcset=\"https:\/\/monte.gob.ar\/institutosuperior\/wp-content\/uploads\/2020\/11\/Imagen10-798x1024.jpg 798w, https:\/\/monte.gob.ar\/institutosuperior\/wp-content\/uploads\/2020\/11\/Imagen10-234x300.jpg 234w, https:\/\/monte.gob.ar\/institutosuperior\/wp-content\/uploads\/2020\/11\/Imagen10-768x985.jpg 768w, https:\/\/monte.gob.ar\/institutosuperior\/wp-content\/uploads\/2020\/11\/Imagen10.jpg 871w\" sizes=\"(max-width: 640px) 100vw, 640px\" \/>\t\t\t\t\t\t\t\t\t\t\t<figcaption class=\"widget-image-caption wp-caption-text\">Monument to the \"Fallen in the Malvinas War\". Square located on Avenida San Mart\u00edn, F\u00e9lix de Azara and Libertad.<\/figcaption>\n\t\t\t\t\t\t\t\t\t\t<\/figure>\n\t\t\t\t\t<\/div>\n\t\t\t\t<\/div>\n\t\t\t\t<\/div>\n\t\t\t\t\t\t<\/div>\n\t\t\t<\/div>\n\t\t<\/div>\n\t\t\t\t<div class=\"elementor-element elementor-element-f20eecc elementor-column elementor-col-25 elementor-top-column\" data-id=\"f20eecc\" data-element_type=\"column\">\n\t\t\t<div class=\"elementor-column-wrap  elementor-element-populated\">\n\t\t\t\t\t<div class=\"elementor-widget-wrap\">\n\t\t\t\t<div class=\"elementor-element elementor-element-2ceb25f elementor-widget elementor-widget-image\" data-id=\"2ceb25f\" data-element_type=\"widget\" data-widget_type=\"image.default\">\n\t\t\t\t<div class=\"elementor-widget-container\">\n\t\t\t\t\t<div class=\"elementor-image\">\n\t\t\t\t\t\t\t<figure class=\"wp-caption\">\n\t\t\t\t\t\t\t\t\t\t<img width=\"640\" height=\"476\" src=\"https:\/\/monte.gob.ar\/institutosuperior\/wp-content\/uploads\/2020\/11\/Imagen12-1024x761.jpg\" class=\"attachment-large size-large\" alt=\"\" loading=\"lazy\" srcset=\"https:\/\/monte.gob.ar\/institutosuperior\/wp-content\/uploads\/2020\/11\/Imagen12-1024x761.jpg 1024w, https:\/\/monte.gob.ar\/institutosuperior\/wp-content\/uploads\/2020\/11\/Imagen12-300x223.jpg 300w, https:\/\/monte.gob.ar\/institutosuperior\/wp-content\/uploads\/2020\/11\/Imagen12-768x571.jpg 768w, https:\/\/monte.gob.ar\/institutosuperior\/wp-content\/uploads\/2020\/11\/Imagen12.jpg 1362w\" sizes=\"(max-width: 640px) 100vw, 640px\" \/>\t\t\t\t\t\t\t\t\t\t\t<figcaption class=\"widget-image-caption wp-caption-text\">Institute of Teaching and Technical Training No. 66 \"Don Juan Manuel de Rosas\". Main access on Avenida San Mart\u00edn. Photo of the year 2020<\/figcaption>\n\t\t\t\t\t\t\t\t\t\t<\/figure>\n\t\t\t\t\t<\/div>\n\t\t\t\t<\/div>\n\t\t\t\t<\/div>\n\t\t\t\t\t\t<\/div>\n\t\t\t<\/div>\n\t\t<\/div>\n\t\t\t\t<div class=\"elementor-element elementor-element-77180ab elementor-column elementor-col-25 elementor-top-column\" data-id=\"77180ab\" data-element_type=\"column\">\n\t\t\t<div class=\"elementor-column-wrap  elementor-element-populated\">\n\t\t\t\t\t<div class=\"elementor-widget-wrap\">\n\t\t\t\t<div class=\"elementor-element elementor-element-e0dd9cf elementor-widget elementor-widget-image\" data-id=\"e0dd9cf\" data-element_type=\"widget\" data-widget_type=\"image.default\">\n\t\t\t\t<div class=\"elementor-widget-container\">\n\t\t\t\t\t<div class=\"elementor-image\">\n\t\t\t\t\t\t\t\t\t\t<img width=\"640\" height=\"435\" src=\"https:\/\/monte.gob.ar\/institutosuperior\/wp-content\/uploads\/2020\/11\/Imagen13-1024x696.jpg\" class=\"attachment-large size-large\" alt=\"\" loading=\"lazy\" srcset=\"https:\/\/monte.gob.ar\/institutosuperior\/wp-content\/uploads\/2020\/11\/Imagen13-1024x696.jpg 1024w, https:\/\/monte.gob.ar\/institutosuperior\/wp-content\/uploads\/2020\/11\/Imagen13-300x204.jpg 300w, https:\/\/monte.gob.ar\/institutosuperior\/wp-content\/uploads\/2020\/11\/Imagen13-768x522.jpg 768w, https:\/\/monte.gob.ar\/institutosuperior\/wp-content\/uploads\/2020\/11\/Imagen13.jpg 1262w\" sizes=\"(max-width: 640px) 100vw, 640px\" \/>\t\t\t\t\t\t\t\t\t\t\t<\/div>\n\t\t\t\t<\/div>\n\t\t\t\t<\/div>\n\t\t\t\t\t\t<\/div>\n\t\t\t<\/div>\n\t\t<\/div>\n\t\t\t\t\t\t<\/div>\n\t\t\t<\/div>\n\t\t<\/section>\n\t\t\t\t<section class=\"elementor-element elementor-element-401a3c8 elementor-section-boxed elementor-section-gap-beside-yes elementor-section-height-default elementor-section-height-default elementor-section-column-vertical-align-stretch elementor-section elementor-top-section\" data-id=\"401a3c8\" data-element_type=\"section\">\n\t\t\t\t\t\t<div class=\"elementor-container elementor-column-gap-extended\">\n\t\t\t\t<div class=\"elementor-row\">\n\t\t\t\t<div class=\"elementor-element elementor-element-8990681 elementor-column elementor-col-100 elementor-top-column\" data-id=\"8990681\" data-element_type=\"column\">\n\t\t\t<div class=\"elementor-column-wrap  elementor-element-populated\">\n\t\t\t\t\t<div class=\"elementor-widget-wrap\">\n\t\t\t\t<div class=\"elementor-element elementor-element-c5363a1 elementor-widget elementor-widget-image\" data-id=\"c5363a1\" data-element_type=\"widget\" data-widget_type=\"image.default\">\n\t\t\t\t<div class=\"elementor-widget-container\">\n\t\t\t\t\t<div class=\"elementor-image\">\n\t\t\t\t\t\t\t\t\t\t<img width=\"640\" height=\"380\" src=\"https:\/\/monte.gob.ar\/institutosuperior\/wp-content\/uploads\/2020\/11\/Imagen14-768x456.jpg\" class=\"attachment-medium_large size-medium_large\" alt=\"\" loading=\"lazy\" srcset=\"https:\/\/monte.gob.ar\/institutosuperior\/wp-content\/uploads\/2020\/11\/Imagen14-768x456.jpg 768w, https:\/\/monte.gob.ar\/institutosuperior\/wp-content\/uploads\/2020\/11\/Imagen14-300x178.jpg 300w, https:\/\/monte.gob.ar\/institutosuperior\/wp-content\/uploads\/2020\/11\/Imagen14-1024x607.jpg 1024w, https:\/\/monte.gob.ar\/institutosuperior\/wp-content\/uploads\/2020\/11\/Imagen14.jpg 1261w\" sizes=\"(max-width: 640px) 100vw, 640px\" \/>\t\t\t\t\t\t\t\t\t\t\t<\/div>\n\t\t\t\t<\/div>\n\t\t\t\t<\/div>\n\t\t\t\t\t\t<\/div>\n\t\t\t<\/div>\n\t\t<\/div>\n\t\t\t\t\t\t<\/div>\n\t\t\t<\/div>\n\t\t<\/section>\n\t\t\t\t\t\t<\/div>\n\t\t\t<\/div>\n\t\t<\/div>\n\t\t","protected":false},"excerpt":{"rendered":"<p>Avenida San Mart\u00edn, on the left is the Meritorious School No. 1 \u00abDon Jos\u00e9 de San Mart\u00edn\u00bb, on the right the Plazoleta \u00abGral. Martin Rodr\u00edguez\u00bb SAN MART\u00cdN AVENUE Approximately towards the year 1873 the assignment of names to the Montenses streets begins. Thus, it was decided to call what is now Av. San Mart\u00edn Boulevard, long before its construction. With the arrival of the railway, the installation of the train station was proposed, for that reason, a direct connection with the town center was requested, which by 1891 was not yet completed and which could be completed thanks to neighborhood collaboration. On January 1, 1906, with Daniel Videla Dorna being Mayor, it was decided that the Boulevard be named after Don Zen\u00f3n Videla Dorna. At that time it was thought to pave and illuminate the artery to connect the Civic Center with the railway station. Boulevard Videla Dorna (Actual Avenida San Mart\u00edn) main artery to join the Railway Station. Paving project under the direction of Daniel Videla Dorna. Photo from 1906. Construction of the Boulevard, today Avenida San Mart\u00edn, is the widest avenue in Monte and the main requirement for the location of the railway station, year 1892 Southeast end of the in homage to the former Commissioner of Monte and distinguished patriarch of the Videla Dorna San Mart\u00edn family, formerly Zen\u00f3n Videla Dorna Boulevard, is the main access to the Montense center. Photo of the year 2020 Intersection between Avenida San Mart\u00edn and Avenida Rivadavia. Photo of the year 2020 Monument to Don Adolfo Jos\u00e9 G\u00fciraldes Monument to the \u00abFallen in the Malvinas War\u00bb. Square located on Avenida San Mart\u00edn, F\u00e9lix de Azara and Libertad. Institute of Teaching and Technical Training No. 66 \u00abDon Juan Manuel de Rosas\u00bb. Main access on Avenida San Mart\u00edn. Photo of the year 2020<\/p>\n","protected":false},"author":2,"featured_media":0,"parent":0,"menu_order":0,"comment_status":"closed","ping_status":"closed","template":"","meta":[],"_links":{"self":[{"href":"https:\/\/monte.gob.ar\/institutosuperior\/wp-json\/wp\/v2\/pages\/26412"}],"collection":[{"href":"https:\/\/monte.gob.ar\/institutosuperior\/wp-json\/wp\/v2\/pages"}],"about":[{"href":"https:\/\/monte.gob.ar\/institutosuperior\/wp-json\/wp\/v2\/types\/page"}],"author":[{"embeddable":true,"href":"https:\/\/monte.gob.ar\/institutosuperior\/wp-json\/wp\/v2\/users\/2"}],"replies":[{"embeddable":true,"href":"https:\/\/monte.gob.ar\/institutosuperior\/wp-json\/wp\/v2\/comments?post=26412"}],"version-history":[{"count":6,"href":"https:\/\/monte.gob.ar\/institutosuperior\/wp-json\/wp\/v2\/pages\/26412\/revisions"}],"predecessor-version":[{"id":26913,"href":"https:\/\/monte.gob.ar\/institutosuperior\/wp-json\/wp\/v2\/pages\/26412\/revisions\/26913"}],"wp:attachment":[{"href":"https:\/\/monte.gob.ar\/institutosuperior\/wp-json\/wp\/v2\/media?parent=26412"}],"curies":[{"name":"wp","href":"https:\/\/api.w.org\/{rel}","templated":true}]}}