{"id":24852,"date":"2020-10-21T20:51:21","date_gmt":"2020-10-21T23:51:21","guid":{"rendered":"http:\/\/monte.gob.ar\/institutosuperior\/?page_id=24852"},"modified":"2020-11-17T19:34:59","modified_gmt":"2020-11-17T22:34:59","slug":"escuela-n1","status":"publish","type":"page","link":"https:\/\/monte.gob.ar\/institutosuperior\/escuela-n1\/","title":{"rendered":"Benem\u00e9rita Escuela N\u00b01 \u00abDon Jos\u00e9 de San Mart\u00edn\u00bb"},"content":{"rendered":"\t\t<div data-elementor-type=\"wp-page\" data-elementor-id=\"24852\" class=\"elementor elementor-24852\" data-elementor-settings=\"[]\">\n\t\t\t<div class=\"elementor-inner\">\n\t\t\t\t<div class=\"elementor-section-wrap\">\n\t\t\t\t\t\t\t<section class=\"elementor-element elementor-element-f7160e0 elementor-section-boxed elementor-section-gap-beside-yes elementor-section-height-default elementor-section-height-default elementor-section-column-vertical-align-stretch elementor-section elementor-top-section\" data-id=\"f7160e0\" data-element_type=\"section\">\n\t\t\t\t\t\t<div class=\"elementor-container elementor-column-gap-extended\">\n\t\t\t\t<div class=\"elementor-row\">\n\t\t\t\t<div class=\"elementor-element elementor-element-9c39655 elementor-column elementor-col-100 elementor-top-column\" data-id=\"9c39655\" data-element_type=\"column\">\n\t\t\t<div class=\"elementor-column-wrap  elementor-element-populated\">\n\t\t\t\t\t<div class=\"elementor-widget-wrap\">\n\t\t\t\t<div class=\"elementor-element elementor-element-bd7f17a elementor-widget elementor-widget-text-editor\" data-id=\"bd7f17a\" data-element_type=\"widget\" data-widget_type=\"text-editor.default\">\n\t\t\t\t<div class=\"elementor-widget-container\">\n\t\t\t\t\t<div class=\"elementor-text-editor elementor-clearfix\"><p style=\"text-align: center;\"><span style=\"font-weight: 400;\">La Benem\u00e9rita Escuela N\u00b01 \u201cDon Jos\u00e9 de San Mart\u00edn\u201d es la segunda escuela de educaci\u00f3n creada en la Provincia de Buenos Aires. Inici\u00f3 su trayectoria seg\u00fan los tr\u00e1mites realizados por el Presb\u00edtero Don Pedro Santiago en el a\u00f1o 1811. En 1812 se elev\u00f3 al Cabildo un petitorio redactado por el Presb\u00edtero Mart\u00ednez y en la sesi\u00f3n del 19 de junio de ese mismo a\u00f1o se acuerda entregar dos docenas de cartillas (Silabarios), \u201cdejando a su criterio que manden a hacer 3 bancos y reservando proveerles de lo dem\u00e1s\u201d.<\/span><\/p><p style=\"text-align: center;\"><span style=\"font-weight: 400;\">En 1816 la juventud de la Guardia del Monte pide la creaci\u00f3n de la Escuela de Primeras Letras, su fundaci\u00f3n consta en actas, legajo N\u00b03 carpeta 76, p\u00e1gina 78, del Archivo General de la Naci\u00f3n (AGN). La escuela inicia as\u00ed su funcionamiento, bajo la direcci\u00f3n del Presb\u00edtero Mart\u00ednez.<\/span><\/p><p style=\"text-align: center;\"><span style=\"font-weight: 400;\">Las continuas incursiones de los indios se suman a la precariedad y la escuela interrumpe sus clases cuando el Presb\u00edtero Mart\u00ednez abandona el lugar. Sin embargo el reglamento de Escuelas Lancaster afirma que en 1818 la escuela segu\u00eda \u201cexistiendo a la vera de la iglesia\u201d (Revista de Educaci\u00f3n Nueva Serie N\u00b0 13 de 1966).<\/span><\/p><p style=\"text-align: center;\"><span style=\"font-weight: 400;\">La siguiente referencia de su funcionamiento es el decreto firmado por Bernardino Rivadavia el 31 de diciembre de 1822, por el que dispone otorgar la suma de 120 pesos para \u00fatiles.<\/span><\/p><p style=\"text-align: center;\"><span style=\"font-weight: 400;\">La primera ubicaci\u00f3n que se conoce de la escuela data de 1828 (legajo N\u00ba5 y exp. 846 AGN) que dice: \u201cdista la citada pieza de la Iglesia y de la plaza dos cuadras, cuatro del centro y una de la laguna\u201d. De este solar no quedan vestigios, pero por el testimonio de Jorgelina Vi\u00f1as estaba en Manuel de Pinazo y Santos Molina. (Revista de Educaci\u00f3n Nueva Serie N\u00b0 13 de 1966).<\/span><\/p><p style=\"text-align: center;\"><span style=\"font-weight: 400;\">Con el levantamiento armado del General Juan Galo de Lavalle las acciones b\u00e9licas llegan hasta Monte y perjudican el desempe\u00f1o de la escuela. Por esta raz\u00f3n, a fines de 1829 el Inspector de Escuelas Dr. Saturnino Segurola, pide autorizaci\u00f3n para buscar un nuevo edificio.<\/span><\/p><p style=\"text-align: center;\"><span style=\"font-weight: 400;\">El 13 de febrero de 1830 el Gobierno de Juan Manuel de Rosas libra una orden para que se otorgue la cantidad presupuestaria para la pronta ejecuci\u00f3n de un nuevo edificio. Los vecinos colaboran y presentan un presupuesto de 1632 pesos que es aprobado, adicionando al mismo 575 pesos para terminar la edificaci\u00f3n.<\/span><\/p><p style=\"text-align: center;\"><span style=\"font-weight: 400;\">Hacia 1852 la Escuela N\u00b0 1 funcionar\u00e1 solo para ni\u00f1os, mientras que la Escuela N\u00b0 2 dictaba clases para ni\u00f1as, ambas escuelas estaban bajo la supervisi\u00f3n de la Sociedad de Beneficencia, la Municipalidad y la Comisi\u00f3n Inspectora de Escuelas integrada por vecinos. Luego funcionar\u00e1n en el edificio de Ayuntamiento y Maestranza, y a\u00f1os m\u00e1s tarde, en la Municipalidad, hasta que en 1904 se produce la fusi\u00f3n de ambas escuelas.<\/span><\/p><p style=\"text-align: center;\"><span style=\"font-weight: 400;\">En 1922 se trasladada al actual edificio que ocupa hoy la Escuela N\u00b0 16 y donde permaneci\u00f3 24 a\u00f1os.<\/span><\/p><p style=\"text-align: center;\"><span style=\"font-weight: 400;\">El 25 de noviembre de 1944 se coloca la piedra fundamental y el 25 de junio de 1946 se inaugura el edificio actual de la Av. San Mart\u00edn y Eva Per\u00f3n.<\/span><\/p><p style=\"text-align: center;\">\u00a0<\/p><\/div>\n\t\t\t\t<\/div>\n\t\t\t\t<\/div>\n\t\t\t\t\t\t<\/div>\n\t\t\t<\/div>\n\t\t<\/div>\n\t\t\t\t\t\t<\/div>\n\t\t\t<\/div>\n\t\t<\/section>\n\t\t\t\t<section class=\"elementor-element elementor-element-adf75ce elementor-section-boxed elementor-section-gap-beside-yes elementor-section-height-default elementor-section-height-default elementor-section-column-vertical-align-stretch elementor-section elementor-top-section\" data-id=\"adf75ce\" data-element_type=\"section\">\n\t\t\t\t\t\t<div class=\"elementor-container elementor-column-gap-extended\">\n\t\t\t\t<div class=\"elementor-row\">\n\t\t\t\t<div class=\"elementor-element elementor-element-e3c4b65 elementor-column elementor-col-50 elementor-top-column\" data-id=\"e3c4b65\" data-element_type=\"column\">\n\t\t\t<div class=\"elementor-column-wrap  elementor-element-populated\">\n\t\t\t\t\t<div class=\"elementor-widget-wrap\">\n\t\t\t\t<div class=\"elementor-element elementor-element-35718a9 elementor-widget elementor-widget-image\" data-id=\"35718a9\" data-element_type=\"widget\" data-widget_type=\"image.default\">\n\t\t\t\t<div class=\"elementor-widget-container\">\n\t\t\t\t\t<div class=\"elementor-image\">\n\t\t\t\t\t\t\t<figure class=\"wp-caption\">\n\t\t\t\t\t\t\t\t\t\t<img width=\"640\" height=\"379\" src=\"https:\/\/monte.gob.ar\/institutosuperior\/wp-content\/uploads\/2020\/10\/piedra-fundamental.bmp\" class=\"attachment-large size-large\" alt=\"\" loading=\"lazy\" srcset=\"https:\/\/monte.gob.ar\/institutosuperior\/wp-content\/uploads\/2020\/10\/piedra-fundamental.bmp 935w, https:\/\/monte.gob.ar\/institutosuperior\/wp-content\/uploads\/2020\/10\/piedra-fundamental-300x177.jpg 300w, https:\/\/monte.gob.ar\/institutosuperior\/wp-content\/uploads\/2020\/10\/piedra-fundamental-768x454.jpg 768w\" sizes=\"(max-width: 640px) 100vw, 640px\" \/>\t\t\t\t\t\t\t\t\t\t\t<figcaption class=\"widget-image-caption wp-caption-text\">La piedra fundamental del nuevo edificio se coloc\u00f3 el 25 de noviembre de 1944 en brillante ceremonia precedida por el Director General de Educaci\u00f3n Emiliano Mc Donald, dando as\u00ed otro gran paso para la realizaci\u00f3n de un gran sue\u00f1o.<\/figcaption>\n\t\t\t\t\t\t\t\t\t\t<\/figure>\n\t\t\t\t\t<\/div>\n\t\t\t\t<\/div>\n\t\t\t\t<\/div>\n\t\t\t\t\t\t<\/div>\n\t\t\t<\/div>\n\t\t<\/div>\n\t\t\t\t<div class=\"elementor-element elementor-element-2acc6ac elementor-column elementor-col-50 elementor-top-column\" data-id=\"2acc6ac\" data-element_type=\"column\">\n\t\t\t<div class=\"elementor-column-wrap  elementor-element-populated\">\n\t\t\t\t\t<div class=\"elementor-widget-wrap\">\n\t\t\t\t<div class=\"elementor-element elementor-element-310f953 elementor-widget elementor-widget-image\" data-id=\"310f953\" data-element_type=\"widget\" data-widget_type=\"image.default\">\n\t\t\t\t<div class=\"elementor-widget-container\">\n\t\t\t\t\t<div class=\"elementor-image\">\n\t\t\t\t\t\t\t<figure class=\"wp-caption\">\n\t\t\t\t\t\t\t\t\t\t<img width=\"341\" height=\"383\" src=\"https:\/\/monte.gob.ar\/institutosuperior\/wp-content\/uploads\/2020\/10\/cartilla.bmp\" class=\"attachment-large size-large\" alt=\"\" loading=\"lazy\" srcset=\"https:\/\/monte.gob.ar\/institutosuperior\/wp-content\/uploads\/2020\/10\/cartilla.bmp 341w, https:\/\/monte.gob.ar\/institutosuperior\/wp-content\/uploads\/2020\/10\/cartilla-267x300.jpg 267w\" sizes=\"(max-width: 341px) 100vw, 341px\" \/>\t\t\t\t\t\t\t\t\t\t\t<figcaption class=\"widget-image-caption wp-caption-text\">Cartilla o Silabario para uso en las escuelas. Buenos Aires, Gandarillas y asociados:1810<\/figcaption>\n\t\t\t\t\t\t\t\t\t\t<\/figure>\n\t\t\t\t\t<\/div>\n\t\t\t\t<\/div>\n\t\t\t\t<\/div>\n\t\t\t\t\t\t<\/div>\n\t\t\t<\/div>\n\t\t<\/div>\n\t\t\t\t\t\t<\/div>\n\t\t\t<\/div>\n\t\t<\/section>\n\t\t\t\t<section class=\"elementor-element elementor-element-fa1c31b elementor-section-boxed elementor-section-gap-beside-yes elementor-section-height-default elementor-section-height-default elementor-section-column-vertical-align-stretch elementor-section elementor-top-section\" data-id=\"fa1c31b\" data-element_type=\"section\">\n\t\t\t\t\t\t<div class=\"elementor-container elementor-column-gap-extended\">\n\t\t\t\t<div class=\"elementor-row\">\n\t\t\t\t<div class=\"elementor-element elementor-element-74c8bc6 elementor-column elementor-col-100 elementor-top-column\" data-id=\"74c8bc6\" data-element_type=\"column\">\n\t\t\t<div class=\"elementor-column-wrap  elementor-element-populated\">\n\t\t\t\t\t<div class=\"elementor-widget-wrap\">\n\t\t\t\t<div class=\"elementor-element elementor-element-38eb804 elementor-widget elementor-widget-image\" data-id=\"38eb804\" data-element_type=\"widget\" data-widget_type=\"image.default\">\n\t\t\t\t<div class=\"elementor-widget-container\">\n\t\t\t\t\t<div class=\"elementor-image\">\n\t\t\t\t\t\t\t<figure class=\"wp-caption\">\n\t\t\t\t\t\t\t\t\t\t<img width=\"640\" height=\"362\" src=\"https:\/\/monte.gob.ar\/institutosuperior\/wp-content\/uploads\/2020\/10\/1946.bmp\" class=\"attachment-large size-large\" alt=\"\" loading=\"lazy\" srcset=\"https:\/\/monte.gob.ar\/institutosuperior\/wp-content\/uploads\/2020\/10\/1946.bmp 767w, https:\/\/monte.gob.ar\/institutosuperior\/wp-content\/uploads\/2020\/10\/1946-300x170.jpg 300w\" sizes=\"(max-width: 640px) 100vw, 640px\" \/>\t\t\t\t\t\t\t\t\t\t\t<figcaption class=\"widget-image-caption wp-caption-text\">Desde 1946 seg\u00fan consta en expediente N\u00aa 121604 \/43 lleva el nombre de General Jos\u00e9 de San Mart\u00edn. En 1942 en la Avenida San Mart\u00edn esquina Ducos, fue comprado el predio para el nuevo edificio por una comisi\u00f3n popular. La construcci\u00f3n e inauguraci\u00f3n se dio el 25 de julio de 1946 estando presente el Director General de Escuelas Alejandro Greco.<\/figcaption>\n\t\t\t\t\t\t\t\t\t\t<\/figure>\n\t\t\t\t\t<\/div>\n\t\t\t\t<\/div>\n\t\t\t\t<\/div>\n\t\t\t\t\t\t<\/div>\n\t\t\t<\/div>\n\t\t<\/div>\n\t\t\t\t\t\t<\/div>\n\t\t\t<\/div>\n\t\t<\/section>\n\t\t\t\t<section class=\"elementor-element elementor-element-6951b5d elementor-section-boxed elementor-section-gap-beside-yes elementor-section-height-default elementor-section-height-default elementor-section-column-vertical-align-stretch elementor-section elementor-top-section\" data-id=\"6951b5d\" data-element_type=\"section\">\n\t\t\t\t\t\t<div class=\"elementor-container elementor-column-gap-extended\">\n\t\t\t\t<div class=\"elementor-row\">\n\t\t\t\t<div class=\"elementor-element elementor-element-58e04d3 elementor-column elementor-col-100 elementor-top-column\" data-id=\"58e04d3\" data-element_type=\"column\">\n\t\t\t<div class=\"elementor-column-wrap  elementor-element-populated\">\n\t\t\t\t\t<div class=\"elementor-widget-wrap\">\n\t\t\t\t<div class=\"elementor-element elementor-element-37a21a0 elementor-widget elementor-widget-image\" data-id=\"37a21a0\" data-element_type=\"widget\" data-widget_type=\"image.default\">\n\t\t\t\t<div class=\"elementor-widget-container\">\n\t\t\t\t\t<div class=\"elementor-image\">\n\t\t\t\t\t\t\t<figure class=\"wp-caption\">\n\t\t\t\t\t\t\t\t\t\t<img width=\"640\" height=\"358\" src=\"https:\/\/monte.gob.ar\/institutosuperior\/wp-content\/uploads\/2020\/11\/Imagen4-768x429.jpg\" class=\"attachment-medium_large size-medium_large\" alt=\"\" loading=\"lazy\" srcset=\"https:\/\/monte.gob.ar\/institutosuperior\/wp-content\/uploads\/2020\/11\/Imagen4-768x429.jpg 768w, https:\/\/monte.gob.ar\/institutosuperior\/wp-content\/uploads\/2020\/11\/Imagen4-300x168.jpg 300w, https:\/\/monte.gob.ar\/institutosuperior\/wp-content\/uploads\/2020\/11\/Imagen4-1024x573.jpg 1024w, https:\/\/monte.gob.ar\/institutosuperior\/wp-content\/uploads\/2020\/11\/Imagen4.jpg 1293w\" sizes=\"(max-width: 640px) 100vw, 640px\" \/>\t\t\t\t\t\t\t\t\t\t\t<figcaption class=\"widget-image-caption wp-caption-text\">Antiguo edificio donde funcion\u00f3 la Escuela N\u00b01 a partir de 1922 hasta 1946, posteriormente funcionar\u00e1 all\u00ed la Escuela N\u00b016 (1947 \u2013 actualidad)<\/figcaption>\n\t\t\t\t\t\t\t\t\t\t<\/figure>\n\t\t\t\t\t<\/div>\n\t\t\t\t<\/div>\n\t\t\t\t<\/div>\n\t\t\t\t\t\t<\/div>\n\t\t\t<\/div>\n\t\t<\/div>\n\t\t\t\t\t\t<\/div>\n\t\t\t<\/div>\n\t\t<\/section>\n\t\t\t\t<section class=\"elementor-element elementor-element-e678afe elementor-section-boxed elementor-section-gap-beside-yes elementor-section-height-default elementor-section-height-default elementor-section-column-vertical-align-stretch elementor-section elementor-top-section\" data-id=\"e678afe\" data-element_type=\"section\">\n\t\t\t\t\t\t<div class=\"elementor-container elementor-column-gap-extended\">\n\t\t\t\t<div class=\"elementor-row\">\n\t\t\t\t<div class=\"elementor-element elementor-element-2b9b689 elementor-column elementor-col-100 elementor-top-column\" data-id=\"2b9b689\" data-element_type=\"column\">\n\t\t\t<div class=\"elementor-column-wrap  elementor-element-populated\">\n\t\t\t\t\t<div class=\"elementor-widget-wrap\">\n\t\t\t\t<div class=\"elementor-element elementor-element-bc32aee elementor-widget elementor-widget-image\" data-id=\"bc32aee\" data-element_type=\"widget\" data-widget_type=\"image.default\">\n\t\t\t\t<div class=\"elementor-widget-container\">\n\t\t\t\t\t<div class=\"elementor-image\">\n\t\t\t\t\t\t\t<figure class=\"wp-caption\">\n\t\t\t\t\t\t\t\t\t\t<img width=\"589\" height=\"393\" src=\"https:\/\/monte.gob.ar\/institutosuperior\/wp-content\/uploads\/2020\/11\/Imagen3.jpg\" class=\"attachment-large size-large\" alt=\"\" loading=\"lazy\" srcset=\"https:\/\/monte.gob.ar\/institutosuperior\/wp-content\/uploads\/2020\/11\/Imagen3.jpg 589w, https:\/\/monte.gob.ar\/institutosuperior\/wp-content\/uploads\/2020\/11\/Imagen3-300x200.jpg 300w\" sizes=\"(max-width: 589px) 100vw, 589px\" \/>\t\t\t\t\t\t\t\t\t\t\t<figcaption class=\"widget-image-caption wp-caption-text\">Escuela n\u00b01 Inauguraci\u00f3n 25 de junio de 1946.\nEl 22 de octubre de 1966, fue declarada Escuela\nBenem\u00e9rita y se completaron algunas obras como el\ncierre de la galer\u00eda para establecer el comedor escolar\nque llevaba el nombre del Almirante Guillermo Brown. \n<\/figcaption>\n\t\t\t\t\t\t\t\t\t\t<\/figure>\n\t\t\t\t\t<\/div>\n\t\t\t\t<\/div>\n\t\t\t\t<\/div>\n\t\t\t\t\t\t<\/div>\n\t\t\t<\/div>\n\t\t<\/div>\n\t\t\t\t\t\t<\/div>\n\t\t\t<\/div>\n\t\t<\/section>\n\t\t\t\t<section class=\"elementor-element elementor-element-5e8c917 elementor-section-boxed elementor-section-gap-beside-yes elementor-section-height-default elementor-section-height-default elementor-section-column-vertical-align-stretch elementor-section elementor-top-section\" data-id=\"5e8c917\" data-element_type=\"section\">\n\t\t\t\t\t\t<div class=\"elementor-container elementor-column-gap-extended\">\n\t\t\t\t<div class=\"elementor-row\">\n\t\t\t\t<div class=\"elementor-element elementor-element-c330f98 elementor-column elementor-col-100 elementor-top-column\" data-id=\"c330f98\" data-element_type=\"column\">\n\t\t\t<div class=\"elementor-column-wrap  elementor-element-populated\">\n\t\t\t\t\t<div class=\"elementor-widget-wrap\">\n\t\t\t\t<div class=\"elementor-element elementor-element-90d2f21 elementor-widget elementor-widget-text-editor\" data-id=\"90d2f21\" data-element_type=\"widget\" data-widget_type=\"text-editor.default\">\n\t\t\t\t<div class=\"elementor-widget-container\">\n\t\t\t\t\t<div class=\"elementor-text-editor elementor-clearfix\"><p style=\"text-align: center;\"><span style=\"letter-spacing: 0em;\">A partir de 1946 tambi\u00e9n se hiciera arreglos y ampliaciones en la escuela:<\/span><\/p><p style=\"text-align: center;\">El 22 de octubre de 1966 la escuela cumple 150 a\u00f1os y as\u00ed se convierte en \u201cBenem\u00e9rita\u201c se realiz\u00f3 una gran ceremonia. Las primeras fueron agregar un aula sobre la terraza del ala izquierda.<\/p><p style=\"text-align: center;\">En 1970 se instal\u00f3 el gas natural.<\/p><p style=\"text-align: center;\">En 1971 comenz\u00f3 la obra de construcci\u00f3n del laboratorio.<\/p><p style=\"text-align: center;\">1975 se construy\u00f3 un patio cerrado y se ampli\u00f3 el comedor escolar.<\/p><p style=\"text-align: center;\">1979 se hacen los nuevos sanitarios y se inicia la construcci\u00f3n del sal\u00f3n multiusos.<\/p><p style=\"text-align: center;\">En 1988 se construyeron las aulas nuevas en la planta alta y el patio cerrado, se recibe la visita del Presidente Ra\u00fal Ricardo Alfons\u00edn para la inauguraci\u00f3n de los mismos.<\/p><p style=\"text-align: center;\">En 1991 se celebraron los 175 a\u00f1os se su creaci\u00f3n con una gran fiesta.<\/p><p style=\"text-align: center;\">En 2010 la escuela es noticia en diversos medios ya que se hallaron en un antiguo armario de madera cerca de 70 docenas de manuscritos, los mismos contienen observaciones sobre distintas cuestiones referidas a la educaci\u00f3n abarcando el per\u00edodo de 1857-1929, el primero que se encontr\u00f3 y se abri\u00f3 estaba firmado y escrito por el entonces Director del Departamento de Escuelas P\u00fablicas de la Provincia de Buenos Aires<br \/>Domingo Faustino Sarmiento.<\/p><p style=\"text-align: center;\">En 2016 la escuela cumple sus 200 a\u00f1os y recibe por tal motivo la visita de otro Presidente de la Naci\u00f3n, el Ingeniero Mauricio Macri y la Gobernadora Mar\u00eda Eugenia Vidal, quienes donaron una placa para la escuela que obra en la entrada de la direcci\u00f3n e hicieron entrega de un subsidio para compra de materiales did\u00e1cticos.\u00a0\u00a0<\/p><p style=\"text-align: center;\">\u00a0<\/p><\/div>\n\t\t\t\t<\/div>\n\t\t\t\t<\/div>\n\t\t\t\t\t\t<\/div>\n\t\t\t<\/div>\n\t\t<\/div>\n\t\t\t\t\t\t<\/div>\n\t\t\t<\/div>\n\t\t<\/section>\n\t\t\t\t<section class=\"elementor-element elementor-element-7c888d0 elementor-section-boxed elementor-section-gap-beside-yes elementor-section-height-default elementor-section-height-default elementor-section-column-vertical-align-stretch elementor-section elementor-top-section\" data-id=\"7c888d0\" data-element_type=\"section\">\n\t\t\t\t\t\t<div class=\"elementor-container elementor-column-gap-extended\">\n\t\t\t\t<div class=\"elementor-row\">\n\t\t\t\t<div class=\"elementor-element elementor-element-38f6ad9 elementor-column elementor-col-50 elementor-top-column\" data-id=\"38f6ad9\" data-element_type=\"column\">\n\t\t\t<div class=\"elementor-column-wrap  elementor-element-populated\">\n\t\t\t\t\t<div class=\"elementor-widget-wrap\">\n\t\t\t\t<div class=\"elementor-element elementor-element-743cf4f elementor-widget elementor-widget-image\" data-id=\"743cf4f\" data-element_type=\"widget\" data-widget_type=\"image.default\">\n\t\t\t\t<div class=\"elementor-widget-container\">\n\t\t\t\t\t<div class=\"elementor-image\">\n\t\t\t\t\t\t\t\t\t\t<img width=\"640\" height=\"344\" src=\"https:\/\/monte.gob.ar\/institutosuperior\/wp-content\/uploads\/2020\/11\/Esc-1b-1024x550.jpg\" class=\"attachment-large size-large\" alt=\"\" loading=\"lazy\" srcset=\"https:\/\/monte.gob.ar\/institutosuperior\/wp-content\/uploads\/2020\/11\/Esc-1b-1024x550.jpg 1024w, https:\/\/monte.gob.ar\/institutosuperior\/wp-content\/uploads\/2020\/11\/Esc-1b-300x161.jpg 300w, https:\/\/monte.gob.ar\/institutosuperior\/wp-content\/uploads\/2020\/11\/Esc-1b-768x412.jpg 768w, https:\/\/monte.gob.ar\/institutosuperior\/wp-content\/uploads\/2020\/11\/Esc-1b-1536x825.jpg 1536w, https:\/\/monte.gob.ar\/institutosuperior\/wp-content\/uploads\/2020\/11\/Esc-1b-2048x1100.jpg 2048w\" sizes=\"(max-width: 640px) 100vw, 640px\" \/>\t\t\t\t\t\t\t\t\t\t\t<\/div>\n\t\t\t\t<\/div>\n\t\t\t\t<\/div>\n\t\t\t\t\t\t<\/div>\n\t\t\t<\/div>\n\t\t<\/div>\n\t\t\t\t<div class=\"elementor-element elementor-element-d5edbf2 elementor-column elementor-col-50 elementor-top-column\" data-id=\"d5edbf2\" data-element_type=\"column\">\n\t\t\t<div class=\"elementor-column-wrap  elementor-element-populated\">\n\t\t\t\t\t<div class=\"elementor-widget-wrap\">\n\t\t\t\t<div class=\"elementor-element elementor-element-6a01c68 elementor-widget elementor-widget-image\" data-id=\"6a01c68\" data-element_type=\"widget\" data-widget_type=\"image.default\">\n\t\t\t\t<div class=\"elementor-widget-container\">\n\t\t\t\t\t<div class=\"elementor-image\">\n\t\t\t\t\t\t\t<figure class=\"wp-caption\">\n\t\t\t\t\t\t\t\t\t\t<img width=\"640\" height=\"427\" src=\"https:\/\/monte.gob.ar\/institutosuperior\/wp-content\/uploads\/2020\/11\/esc-1-a-1024x683.jpg\" class=\"attachment-large size-large\" alt=\"\" loading=\"lazy\" srcset=\"https:\/\/monte.gob.ar\/institutosuperior\/wp-content\/uploads\/2020\/11\/esc-1-a-1024x683.jpg 1024w, https:\/\/monte.gob.ar\/institutosuperior\/wp-content\/uploads\/2020\/11\/esc-1-a-300x200.jpg 300w, https:\/\/monte.gob.ar\/institutosuperior\/wp-content\/uploads\/2020\/11\/esc-1-a-768x512.jpg 768w, https:\/\/monte.gob.ar\/institutosuperior\/wp-content\/uploads\/2020\/11\/esc-1-a.jpg 1080w\" sizes=\"(max-width: 640px) 100vw, 640px\" \/>\t\t\t\t\t\t\t\t\t\t\t<figcaption class=\"widget-image-caption wp-caption-text\">A\u00f1o 2020<\/figcaption>\n\t\t\t\t\t\t\t\t\t\t<\/figure>\n\t\t\t\t\t<\/div>\n\t\t\t\t<\/div>\n\t\t\t\t<\/div>\n\t\t\t\t\t\t<\/div>\n\t\t\t<\/div>\n\t\t<\/div>\n\t\t\t\t\t\t<\/div>\n\t\t\t<\/div>\n\t\t<\/section>\n\t\t\t\t<section class=\"elementor-element elementor-element-4a2c1e3 elementor-section-boxed elementor-section-gap-beside-yes elementor-section-height-default elementor-section-height-default elementor-section-column-vertical-align-stretch elementor-section elementor-top-section\" data-id=\"4a2c1e3\" data-element_type=\"section\">\n\t\t\t\t\t\t<div class=\"elementor-container elementor-column-gap-extended\">\n\t\t\t\t<div class=\"elementor-row\">\n\t\t\t\t<div class=\"elementor-element elementor-element-1045e90 elementor-column elementor-col-100 elementor-top-column\" data-id=\"1045e90\" data-element_type=\"column\">\n\t\t\t<div class=\"elementor-column-wrap  elementor-element-populated\">\n\t\t\t\t\t<div class=\"elementor-widget-wrap\">\n\t\t\t\t<div class=\"elementor-element elementor-element-579d581 elementor-widget elementor-widget-image\" data-id=\"579d581\" data-element_type=\"widget\" data-widget_type=\"image.default\">\n\t\t\t\t<div class=\"elementor-widget-container\">\n\t\t\t\t\t<div class=\"elementor-image\">\n\t\t\t\t\t\t\t\t\t\t<img width=\"640\" height=\"395\" src=\"https:\/\/monte.gob.ar\/institutosuperior\/wp-content\/uploads\/2020\/11\/DSC_0105-768x474.jpg\" class=\"attachment-medium_large size-medium_large\" alt=\"\" loading=\"lazy\" srcset=\"https:\/\/monte.gob.ar\/institutosuperior\/wp-content\/uploads\/2020\/11\/DSC_0105-768x474.jpg 768w, https:\/\/monte.gob.ar\/institutosuperior\/wp-content\/uploads\/2020\/11\/DSC_0105-300x185.jpg 300w, https:\/\/monte.gob.ar\/institutosuperior\/wp-content\/uploads\/2020\/11\/DSC_0105-1024x631.jpg 1024w, https:\/\/monte.gob.ar\/institutosuperior\/wp-content\/uploads\/2020\/11\/DSC_0105-1536x947.jpg 1536w, https:\/\/monte.gob.ar\/institutosuperior\/wp-content\/uploads\/2020\/11\/DSC_0105-2048x1263.jpg 2048w\" sizes=\"(max-width: 640px) 100vw, 640px\" \/>\t\t\t\t\t\t\t\t\t\t\t<\/div>\n\t\t\t\t<\/div>\n\t\t\t\t<\/div>\n\t\t\t\t\t\t<\/div>\n\t\t\t<\/div>\n\t\t<\/div>\n\t\t\t\t\t\t<\/div>\n\t\t\t<\/div>\n\t\t<\/section>\n\t\t\t\t\t\t<\/div>\n\t\t\t<\/div>\n\t\t<\/div>\n\t\t","protected":false},"excerpt":{"rendered":"<p>La Benem\u00e9rita Escuela N\u00b01 \u201cDon Jos\u00e9 de San Mart\u00edn\u201d es la segunda escuela de educaci\u00f3n creada en la Provincia de Buenos Aires. Inici\u00f3 su trayectoria seg\u00fan los tr\u00e1mites realizados por el Presb\u00edtero Don Pedro Santiago en el a\u00f1o 1811. En 1812 se elev\u00f3 al Cabildo un petitorio redactado por el Presb\u00edtero Mart\u00ednez y en la sesi\u00f3n del 19 de junio de ese mismo a\u00f1o se acuerda entregar dos docenas de cartillas (Silabarios), \u201cdejando a su criterio que manden a hacer 3 bancos y reservando proveerles de lo dem\u00e1s\u201d. En 1816 la juventud de la Guardia del Monte pide la creaci\u00f3n de la Escuela de Primeras Letras, su fundaci\u00f3n consta en actas, legajo N\u00b03 carpeta 76, p\u00e1gina 78, del Archivo General de la Naci\u00f3n (AGN). La escuela inicia as\u00ed su funcionamiento, bajo la direcci\u00f3n del Presb\u00edtero Mart\u00ednez. Las continuas incursiones de los indios se suman a la precariedad y la escuela interrumpe sus clases cuando el Presb\u00edtero Mart\u00ednez abandona el lugar. Sin embargo el reglamento de Escuelas Lancaster afirma que en 1818 la escuela segu\u00eda \u201cexistiendo a la vera de la iglesia\u201d (Revista de Educaci\u00f3n Nueva Serie N\u00b0 13 de 1966). La siguiente referencia de su funcionamiento es el decreto firmado por Bernardino Rivadavia el 31 de diciembre de 1822, por el que dispone otorgar la suma de 120 pesos para \u00fatiles. La primera ubicaci\u00f3n que se conoce de la escuela data de 1828 (legajo N\u00ba5 y exp. 846 AGN) que dice: \u201cdista la citada pieza de la Iglesia y de la plaza dos cuadras, cuatro del centro y una de la laguna\u201d. De este solar no quedan vestigios, pero por el testimonio de Jorgelina Vi\u00f1as estaba en Manuel de Pinazo y Santos Molina. (Revista de Educaci\u00f3n Nueva Serie N\u00b0 13 de 1966). Con el levantamiento armado del General Juan Galo de Lavalle las acciones b\u00e9licas llegan hasta Monte y perjudican el desempe\u00f1o de la escuela. Por esta raz\u00f3n, a fines de 1829 el Inspector de Escuelas Dr. Saturnino Segurola, pide autorizaci\u00f3n para buscar un nuevo edificio. El 13 de febrero de 1830 el Gobierno de Juan Manuel de Rosas libra una orden para que se otorgue la cantidad presupuestaria para la pronta ejecuci\u00f3n de un nuevo edificio. Los vecinos colaboran y presentan un presupuesto de 1632 pesos que es aprobado, adicionando al mismo 575 pesos para terminar la edificaci\u00f3n. Hacia 1852 la Escuela N\u00b0 1 funcionar\u00e1 solo para ni\u00f1os, mientras que la Escuela N\u00b0 2 dictaba clases para ni\u00f1as, ambas escuelas estaban bajo la supervisi\u00f3n de la Sociedad de Beneficencia, la Municipalidad y la Comisi\u00f3n Inspectora de Escuelas integrada por vecinos. Luego funcionar\u00e1n en el edificio de Ayuntamiento y Maestranza, y a\u00f1os m\u00e1s tarde, en la Municipalidad, hasta que en 1904 se produce la fusi\u00f3n de ambas escuelas. En 1922 se trasladada al actual edificio que ocupa hoy la Escuela N\u00b0 16 y donde permaneci\u00f3 24 a\u00f1os. El 25 de noviembre de 1944 se coloca la piedra fundamental y el 25 de junio de 1946 se inaugura el edificio actual de la Av. San Mart\u00edn y Eva Per\u00f3n. \u00a0 La piedra fundamental del nuevo edificio se coloc\u00f3 el 25 de noviembre de 1944 en brillante ceremonia precedida por el Director General de Educaci\u00f3n Emiliano Mc Donald, dando as\u00ed otro gran paso para la realizaci\u00f3n de un gran sue\u00f1o. Cartilla o Silabario para uso en las escuelas. Buenos Aires, Gandarillas y asociados:1810 Desde 1946 seg\u00fan consta en expediente N\u00aa 121604 \/43 lleva el nombre de General Jos\u00e9 de San Mart\u00edn. En 1942 en la Avenida San Mart\u00edn esquina Ducos, fue comprado el predio para el nuevo edificio por una comisi\u00f3n popular. La construcci\u00f3n e inauguraci\u00f3n se dio el 25 de julio de 1946 estando presente el Director General de Escuelas Alejandro Greco. Antiguo edificio donde funcion\u00f3 la Escuela N\u00b01 a partir de 1922 hasta 1946, posteriormente funcionar\u00e1 all\u00ed la Escuela N\u00b016 (1947 \u2013 actualidad) Escuela n\u00b01 Inauguraci\u00f3n 25 de junio de 1946. El 22 de octubre de 1966, fue declarada Escuela Benem\u00e9rita y se completaron algunas obras como el cierre de la galer\u00eda para establecer el comedor escolar que llevaba el nombre del Almirante Guillermo Brown. A partir de 1946 tambi\u00e9n se hiciera arreglos y ampliaciones en la escuela: El 22 de octubre de 1966 la escuela cumple 150 a\u00f1os y as\u00ed se convierte en \u201cBenem\u00e9rita\u201c se realiz\u00f3 una gran ceremonia. Las primeras fueron agregar un aula sobre la terraza del ala izquierda. En 1970 se instal\u00f3 el gas natural. En 1971 comenz\u00f3 la obra de construcci\u00f3n del laboratorio. 1975 se construy\u00f3 un patio cerrado y se ampli\u00f3 el comedor escolar. 1979 se hacen los nuevos sanitarios y se inicia la construcci\u00f3n del sal\u00f3n multiusos. En 1988 se construyeron las aulas nuevas en la planta alta y el patio cerrado, se recibe la visita del Presidente Ra\u00fal Ricardo Alfons\u00edn para la inauguraci\u00f3n de los mismos. En 1991 se celebraron los 175 a\u00f1os se su creaci\u00f3n con una gran fiesta. En 2010 la escuela es noticia en diversos medios ya que se hallaron en un antiguo armario de madera cerca de 70 docenas de manuscritos, los mismos contienen observaciones sobre distintas cuestiones referidas a la educaci\u00f3n abarcando el per\u00edodo de 1857-1929, el primero que se encontr\u00f3 y se abri\u00f3 estaba firmado y escrito por el entonces Director del Departamento de Escuelas P\u00fablicas de la Provincia de Buenos AiresDomingo Faustino Sarmiento. En 2016 la escuela cumple sus 200 a\u00f1os y recibe por tal motivo la visita de otro Presidente de la Naci\u00f3n, el Ingeniero Mauricio Macri y la Gobernadora Mar\u00eda Eugenia Vidal, quienes donaron una placa para la escuela que obra en la entrada de la direcci\u00f3n e hicieron entrega de un subsidio para compra de materiales did\u00e1cticos.\u00a0\u00a0 \u00a0 A\u00f1o 2020<\/p>\n","protected":false},"author":2,"featured_media":0,"parent":0,"menu_order":0,"comment_status":"closed","ping_status":"closed","template":"","meta":[],"_links":{"self":[{"href":"https:\/\/monte.gob.ar\/institutosuperior\/wp-json\/wp\/v2\/pages\/24852"}],"collection":[{"href":"https:\/\/monte.gob.ar\/institutosuperior\/wp-json\/wp\/v2\/pages"}],"about":[{"href":"https:\/\/monte.gob.ar\/institutosuperior\/wp-json\/wp\/v2\/types\/page"}],"author":[{"embeddable":true,"href":"https:\/\/monte.gob.ar\/institutosuperior\/wp-json\/wp\/v2\/users\/2"}],"replies":[{"embeddable":true,"href":"https:\/\/monte.gob.ar\/institutosuperior\/wp-json\/wp\/v2\/comments?post=24852"}],"version-history":[{"count":37,"href":"https:\/\/monte.gob.ar\/institutosuperior\/wp-json\/wp\/v2\/pages\/24852\/revisions"}],"predecessor-version":[{"id":26366,"href":"https:\/\/monte.gob.ar\/institutosuperior\/wp-json\/wp\/v2\/pages\/24852\/revisions\/26366"}],"wp:attachment":[{"href":"https:\/\/monte.gob.ar\/institutosuperior\/wp-json\/wp\/v2\/media?parent=24852"}],"curies":[{"name":"wp","href":"https:\/\/api.w.org\/{rel}","templated":true}]}}